{"id":8302,"date":"2026-07-22T10:28:36","date_gmt":"2026-07-22T10:28:36","guid":{"rendered":"https:\/\/ecotop.org\/?page_id=8302"},"modified":"2026-08-27T07:19:26","modified_gmt":"2026-08-27T07:19:26","slug":"notre-equipe","status":"publish","type":"page","link":"https:\/\/ecotop.org\/fr\/notre-equipe\/","title":{"rendered":"Notre \u00e9quipe"},"content":{"rendered":"<style>\n.infinite-page-title-wrap{border-radius:24px!important;max-width:1240px!important;width:calc(100% - 48px)!important;margin:36px auto 8px!important;overflow:hidden!important;}<\/p>\n<p>.infinite-page-title-wrap{background-image:none!important;background:#00aa90!important;}\n.infinite-page-title-overlay{background:#00aa90!important;opacity:1!important;}\n .etm{--ink:#3c2818;--muted:#6b6257;--green:#00aa90;--green-dark:#0b7a67;--lime:#b7c916;--line:#eae9e4;--soft:#f7f7f4; font-family:'Raleway',-apple-system,Segoe UI,Roboto,Arial,sans-serif;color:var(--ink);line-height:1.5;max-width:1180px;margin:0 auto;padding:8px 0 24px;} .etm *{box-sizing:border-box;} .etm .etm-lead-in{color:var(--muted);font-size:16px;max-width:720px;margin:0 0 26px;} .etm .etm-jump{display:flex;gap:10px;flex-wrap:wrap;margin:0 0 8px;padding-bottom:22px;border-bottom:1px solid var(--line);} .etm .etm-jump a{display:inline-flex;align-items:center;gap:8px;padding:9px 18px;border:1px solid var(--line);border-radius:999px;text-decoration:none;color:var(--ink);font-weight:700;font-size:14px;} .etm .etm-jump .d{width:10px;height:10px;border-radius:50%;} .etm .etm-jump .d.s{background:var(--green);} .etm .etm-jump .d.f{background:var(--lime);} .etm .etm-section{padding:44px 0 4px;} .etm .etm-sechead{display:flex;align-items:flex-start;gap:16px;border-top:3px solid var(--green);padding-top:20px;margin-bottom:6px;} .etm .etm-sechead.etm-f{border-top-color:var(--lime);} .etm .etm-sechead h2{font-size:30px;font-weight:800;margin:0 0 5px;color:var(--ink);} .etm .etm-desc{margin:0;color:var(--muted);font-size:15px;max-width:640px;} .etm .etm-count{margin-left:auto;flex:none;background:var(--soft);border:1px solid var(--line);border-radius:999px;padding:7px 15px;font-weight:700;font-size:13px;color:var(--muted);white-space:nowrap;} .etm .etm-sub{font-weight:800;font-size:12px;color:var(--muted);letter-spacing:.12em;text-transform:uppercase;margin:28px 0 16px;} .etm .etm-grid{display:grid;gap:24px;} .etm .etm-lead{grid-template-columns:repeat(3,1fr);} .etm .etm-senior{grid-template-columns:repeat(4,1fr);gap:22px;} .etm .etm-compact{grid-template-columns:repeat(6,1fr);gap:18px;} .etm .etm-card{background:#fff;border:1px solid var(--line);border-radius:14px;overflow:hidden;transition:.18s ease;display:flex;flex-direction:column;text-decoration:none;color:inherit;} .etm .etm-card:hover{transform:translateY(-4px);box-shadow:0 16px 36px rgba(30,25,10,.12);border-color:#e0e0d8;} .etm .etm-photo{width:100%;aspect-ratio:1\/1;object-fit:cover;object-position:center top;display:block;background:var(--soft);} .etm .etm-body{padding:16px 17px 18px;} .etm .etm-name{font-weight:700;margin:0 0 3px;color:var(--ink);} .etm .etm-role{color:var(--muted);margin:0;} .etm .etm-lead .etm-name{font-size:18px;} .etm .etm-lead .etm-role{font-size:14px;} .etm .etm-blurb{color:#5a5348;font-size:13px;line-height:1.55;margin:12px 0 0;border-top:1px solid var(--line);padding-top:12px;} .etm .etm-senior .etm-name{font-size:15.5px;} .etm .etm-senior .etm-role{font-size:13px;} .etm .etm-compact .etm-body{padding:13px 14px 15px;} .etm .etm-compact .etm-name{font-size:14px;} .etm .etm-compact .etm-role{font-size:12.5px;} @media(max-width:1080px){.etm .etm-lead{grid-template-columns:repeat(2,1fr);}.etm .etm-senior{grid-template-columns:repeat(3,1fr);}.etm .etm-compact{grid-template-columns:repeat(4,1fr);}} @media(max-width:760px){.etm .etm-senior{grid-template-columns:repeat(2,1fr);}.etm .etm-compact{grid-template-columns:repeat(3,1fr);}} @media(max-width:460px){.etm .etm-lead{grid-template-columns:repeat(1,1fr);}.etm .etm-compact{grid-template-columns:repeat(2,1fr);}}  .etm .etm-card{position:relative;} .etm .etm-photowrap{display:block;line-height:0;} .etm .etm-cardlink{position:absolute;top:0;left:0;right:0;bottom:0;z-index:3;border-radius:14px;}  .etm .etm-card p{margin:0!important;padding:0!important;height:0;line-height:0;}  .infinite-body-outer-wrapper{overflow:visible!important;min-height:0!important;height:auto!important;} .infinite-page-wrapper,.infinite-content-container,.infinite-content-area{height:auto!important;min-height:0!important;overflow:visible!important;}  .infinite-body-outer-wrapper{padding-bottom:442px!important;}  .infinite-fixed-footer{display:none!important;} body{background:#fff!important;} .etm .etm-lead4{grid-template-columns:repeat(4,1fr)!important;} @media(max-width:1080px){.etm .etm-lead4{grid-template-columns:repeat(2,1fr)!important;}} @media(max-width:560px){.etm .etm-lead4{grid-template-columns:repeat(1,1fr)!important;}}  .infinite-page-title{display:block!important;} .infinite-page-title-wrap{display:flex!important;align-items:center!important;}  .etm .etm-count{display:none!important;} .infinite-page-title::after{content:\"The people behind Dynamic Agroforestry\";display:block;margin-top:16px;font-size:19px;font-weight:400;letter-spacing:.02em;text-transform:none;color:rgba(255,255,255,.92);}  .infinite-page-title-wrap{background-image:none!important;background-color:#00aa90!important;}  .etm .etm-lead .etm-photo{aspect-ratio:4\/3!important;} <\/style>\n<div class=\"etm\">\n<div class=\"etm-lead-in\">Agronomes, techniciens de terrain, coordinateurs et consultants. D\u00e9couvrez les personnes qui font avancer le travail d\u2019ECOTOP, r\u00e9parties entre ECOTOP Suisse et la Fondation ECOTOP.<\/div>\n<div class=\"etm-jump\"><a href=\"#etm-suisse\" class=\"s\"><span class=\"d s\"><\/span>ECOTOP Suisse<\/a><a href=\"#etm-foundation\" class=\"f\"><span class=\"d f\"><\/span>Fondation ECOTOP<\/a><\/div>\n<section id=\"etm-suisse\" class=\"etm-section\">\n<div class=\"etm-sechead etm-s\">\n<div>\n<h2>ECOTOP Suisse<\/h2>\n<div class=\"etm-desc\">La branche de conseil et de mise en \u0153uvre charg\u00e9e de mener \u00e0 bien des projets d'agroforesterie dynamique avec des partenaires du monde entier.<\/div>\n<\/div>\n<p><span class=\"etm-count\">22 personnes<\/span><\/div>\n<div class=\"etm-sub\">Gestion et coordination<\/div>\n<div class=\"etm-grid etm-lead\">\n<div class=\"etm-card\">\n<div class=\"etm-photowrap\"><img decoding=\"async\" class=\"etm-photo\" src=\"https:\/\/ecotop.org\/wp-content\/uploads\/2016\/05\/joachim.jpg\" alt=\"Dr. Joachim Milz\" loading=\"lazy\"><\/div>\n<div class=\"etm-body\">\n<div class=\"etm-name\">Dr. Joachim Milz<\/div>\n<div class=\"etm-role\">Co-fondateur et directeur technique<\/div>\n<div class=\"etm-blurb\">Agriculteur et scientifique fort de plus de 40 ans d'exp\u00e9rience ; pionnier de l'agroforesterie dynamique dans le cadre du projet ECOTOP.<\/div>\n<\/div>\n<p><a class=\"etm-cardlink\" href=\"\/fr\/le-personnel\/joachim-milz\/\" aria-label=\"Dr. Joachim Milz\"><\/a><\/div>\n<div class=\"etm-card\">\n<div class=\"etm-photowrap\"><img decoding=\"async\" class=\"etm-photo\" src=\"https:\/\/ecotop.org\/wp-content\/uploads\/2023\/10\/Franz-Augstburger.jpeg\" alt=\"Franz Augstburger\" loading=\"lazy\"><\/div>\n<div class=\"etm-body\">\n<div class=\"etm-name\">Franz Augstburger<\/div>\n<div class=\"etm-role\">Co-fondateur et directeur g\u00e9n\u00e9ral<\/div>\n<div class=\"etm-blurb\">Directeur g\u00e9n\u00e9ral d'ECOTOP Suisse ; sp\u00e9cialiste de l'agriculture \u00e9cologique et du d\u00e9veloppement durable sous les tropiques.<\/div>\n<\/div>\n<p><a class=\"etm-cardlink\" href=\"\/fr\/le-personnel\/franz-augstburger\/\" aria-label=\"Franz Augstburger\"><\/a><\/div>\n<div class=\"etm-card\">\n<div class=\"etm-photowrap\"><img decoding=\"async\" class=\"etm-photo\" src=\"https:\/\/ecotop.org\/wp-content\/uploads\/2023\/04\/sqimg_33251440.jpg\" alt=\"Johannes Milz\" loading=\"lazy\"><\/div>\n<div class=\"etm-body\">\n<div class=\"etm-name\">Johannes Milz<\/div>\n<div class=\"etm-role\">Coordinateur pour l'Am\u00e9rique latine et responsable des questions climatiques<\/div>\n<div class=\"etm-blurb\">Ing\u00e9nieur agronome (master, Wageningen) sp\u00e9cialis\u00e9 dans l'agriculture durable et la s\u00e9questration du carbone par l'agroforesterie.<\/div>\n<\/div>\n<p><a class=\"etm-cardlink\" href=\"\/fr\/le-personnel\/johannes-milz-2\/\" aria-label=\"Johannes Milz\"><\/a><\/div>\n<div class=\"etm-card\">\n<div class=\"etm-photowrap\"><img decoding=\"async\" class=\"etm-photo\" src=\"https:\/\/ecotop.org\/wp-content\/uploads\/2023\/04\/nik-neu.jpg\" alt=\"Nikolas Haller\" loading=\"lazy\"><\/div>\n<div class=\"etm-body\">\n<div class=\"etm-name\">Nikolas Haller<\/div>\n<div class=\"etm-role\">Gestionnaire de programme et de projet<\/div>\n<div class=\"etm-blurb\">Responsable de projets et de programmes chez ECOTOP Suisse depuis 2022.<\/div>\n<\/div>\n<p><a class=\"etm-cardlink\" href=\"\/fr\/le-personnel\/nikolas-haller\/\" aria-label=\"Nikolas Haller\"><\/a><\/div>\n<div class=\"etm-card\">\n<div class=\"etm-photowrap\"><img decoding=\"async\" class=\"etm-photo\" src=\"https:\/\/ecotop.org\/wp-content\/uploads\/2023\/04\/Wastelino-Profilbild.jpg\" alt=\"Bastian Dreher Pellhammer\" loading=\"lazy\"><\/div>\n<div class=\"etm-body\">\n<div class=\"etm-name\">Bastian Dreher Pellhammer<\/div>\n<div class=\"etm-role\">Coordinateur anglophone \u00b7 Afrique<\/div>\n<div class=\"etm-blurb\">Consultant senior poss\u00e9dant une longue exp\u00e9rience dans le domaine des projets forestiers et agroforestiers en Afrique et en Am\u00e9rique latine.<\/div>\n<\/div>\n<p><a class=\"etm-cardlink\" href=\"\/fr\/le-personnel\/bastian-dreher\/\" aria-label=\"Bastian Dreher Pellhammer\"><\/a><\/div>\n<\/div>\n<div class=\"etm-sub\">\u00c9quipe senior<\/div>\n<div class=\"etm-grid etm-senior\">\n<div class=\"etm-card\">\n<div class=\"etm-photowrap\"><img decoding=\"async\" class=\"etm-photo\" src=\"https:\/\/ecotop.org\/wp-content\/uploads\/2024\/05\/Scientific-Coordinator.jpg\" alt=\"Lucia Descarpontriez Rojas\" loading=\"lazy\"><\/div>\n<div class=\"etm-body\">\n<div class=\"etm-name\">Lucia Descarpontriez Rojas<\/div>\n<div class=\"etm-role\">Coordinateur scientifique<\/div>\n<\/div>\n<p><a class=\"etm-cardlink\" href=\"\/fr\/le-personnel\/lucia-descarpontriez-rojas\/\" aria-label=\"Lucia Descarpontriez Rojas\"><\/a><\/div>\n<div class=\"etm-card\">\n<div class=\"etm-photowrap\"><img decoding=\"async\" class=\"etm-photo\" src=\"https:\/\/ecotop.org\/wp-content\/uploads\/2023\/10\/Dr.-Antonio-Lopez-Montes.png\" alt=\"Dr. Antonio Lopez Montes\" loading=\"lazy\"><\/div>\n<div class=\"etm-body\">\n<div class=\"etm-name\">Dr. Antonio Lopez Montes<\/div>\n<div class=\"etm-role\">Consultant principal<\/div>\n<\/div>\n<p><a class=\"etm-cardlink\" href=\"\/fr\/le-personnel\/dr-antonio-lopez-montes\/\" aria-label=\"Dr. Antonio Lopez Montes\"><\/a><\/div>\n<div class=\"etm-card\">\n<div class=\"etm-photowrap\"><img decoding=\"async\" class=\"etm-photo\" src=\"https:\/\/ecotop.org\/wp-content\/uploads\/2023\/04\/Walter-Yana-Cuaker.jpg\" alt=\"Walter Yana Cuaker\" loading=\"lazy\"><\/div>\n<div class=\"etm-body\">\n<div class=\"etm-name\">Walter Yana Cuaker<\/div>\n<div class=\"etm-role\">Consultant principal<\/div>\n<\/div>\n<p><a class=\"etm-cardlink\" href=\"\/fr\/le-personnel\/walter-yana-cuaker\/\" aria-label=\"Walter Yana Cuaker\"><\/a><\/div>\n<div class=\"etm-card\">\n<div class=\"etm-photowrap\"><img decoding=\"async\" class=\"etm-photo\" src=\"https:\/\/ecotop.org\/wp-content\/uploads\/2023\/06\/philippe01.jpg\" alt=\"Phillippe Brou\" loading=\"lazy\"><\/div>\n<div class=\"etm-body\">\n<div class=\"etm-name\">Phillippe Brou<\/div>\n<div class=\"etm-role\">Consultant senior \u00b7 Francophone<\/div>\n<\/div>\n<p><a class=\"etm-cardlink\" href=\"\/fr\/le-personnel\/phillippe-brou\/\" aria-label=\"Phillippe Brou\"><\/a><\/div>\n<div class=\"etm-card\">\n<div class=\"etm-photowrap\"><img decoding=\"async\" class=\"etm-photo\" src=\"https:\/\/ecotop.org\/wp-content\/uploads\/2023\/04\/Fortunato-Velasquez-Marca.jpg\" alt=\"Fortunato Vel\u00e1squez\" loading=\"lazy\"><\/div>\n<div class=\"etm-body\">\n<div class=\"etm-name\">Fortunato Vel\u00e1squez<\/div>\n<div class=\"etm-role\">Consultant principal<\/div>\n<\/div>\n<p><a class=\"etm-cardlink\" href=\"\/fr\/le-personnel\/fortunato-velasquez-2\/\" aria-label=\"Fortunato Vel\u00e1squez\"><\/a><\/div>\n<div class=\"etm-card\">\n<div class=\"etm-photowrap\"><img decoding=\"async\" class=\"etm-photo\" src=\"https:\/\/ecotop.org\/wp-content\/uploads\/2023\/04\/sqimg_85900570.jpg\" alt=\"Renke de Vries\" loading=\"lazy\"><\/div>\n<div class=\"etm-body\">\n<div class=\"etm-name\">Renke de Vries<\/div>\n<div class=\"etm-role\">Consultant principal<\/div>\n<\/div>\n<p><a class=\"etm-cardlink\" href=\"\/fr\/le-personnel\/renke-de-vries\/\" aria-label=\"Renke de Vries\"><\/a><\/div>\n<div class=\"etm-card\">\n<div class=\"etm-photowrap\"><img decoding=\"async\" class=\"etm-photo\" src=\"https:\/\/ecotop.org\/wp-content\/uploads\/2023\/04\/steven_01.jpg\" alt=\"Steven Werner\" loading=\"lazy\"><\/div>\n<div class=\"etm-body\">\n<div class=\"etm-name\">Steven Werner<\/div>\n<div class=\"etm-role\">Consultant international senior \u00b7 Francophone<\/div>\n<\/div>\n<p><a class=\"etm-cardlink\" href=\"\/fr\/le-personnel\/steven-werner\/\" aria-label=\"Steven Werner\"><\/a><\/div>\n<\/div>\n<div class=\"etm-sub\">\u00c9quipe et terrain<\/div>\n<div class=\"etm-grid etm-compact\">\n<div class=\"etm-card\">\n<div class=\"etm-photowrap\"><img decoding=\"async\" class=\"etm-photo\" src=\"https:\/\/ecotop.org\/wp-content\/uploads\/2023\/06\/yessenia-001.jpg\" alt=\"Yessenia M. Ibanez Apaza\" loading=\"lazy\"><\/div>\n<div class=\"etm-body\">\n<div class=\"etm-name\">Yessenia M. Ibanez Apaza<\/div>\n<div class=\"etm-role\">Consultant r\u00e9gional<\/div>\n<\/div>\n<p><a class=\"etm-cardlink\" href=\"\/fr\/le-personnel\/yessenia-m-ibanez-apaza\/\" aria-label=\"Yessenia M. Ibanez Apaza\"><\/a><\/div>\n<div class=\"etm-card\">\n<div class=\"etm-photowrap\"><img decoding=\"async\" class=\"etm-photo\" src=\"https:\/\/ecotop.org\/wp-content\/uploads\/2023\/06\/square-image.jpg\" alt=\"Nepomuk Buttenberg\" loading=\"lazy\"><\/div>\n<div class=\"etm-body\">\n<div class=\"etm-name\">Nepomuk Buttenberg<\/div>\n<div class=\"etm-role\">Consultant \u00b7 Projets d'agroforesterie en Europe<\/div>\n<\/div>\n<p><a class=\"etm-cardlink\" href=\"\/fr\/le-personnel\/ana-maria-limachi-coaquira\/\" aria-label=\"Nepomuk Buttenberg\"><\/a><\/div>\n<div class=\"etm-card\">\n<div class=\"etm-photowrap\"><img decoding=\"async\" class=\"etm-photo\" src=\"https:\/\/ecotop.org\/wp-content\/uploads\/2023\/06\/samuel-sutherlan-01.jpg\" alt=\"Samuel Sutherland\" loading=\"lazy\"><\/div>\n<div class=\"etm-body\">\n<div class=\"etm-name\">Samuel Sutherland<\/div>\n<div class=\"etm-role\">Consultant junior<\/div>\n<\/div>\n<p><a class=\"etm-cardlink\" href=\"\/fr\/le-personnel\/samuel-sutherland\/\" aria-label=\"Samuel Sutherland\"><\/a><\/div>\n<div class=\"etm-card\">\n<div class=\"etm-photowrap\"><img decoding=\"async\" class=\"etm-photo\" src=\"https:\/\/ecotop.org\/wp-content\/uploads\/2023\/04\/1677737655819.jpeg\" alt=\"Sarah M\u00e9gnint\" loading=\"lazy\"><\/div>\n<div class=\"etm-body\">\n<div class=\"etm-name\">Sarah M\u00e9gnint<\/div>\n<div class=\"etm-role\">Charg\u00e9(e) de programme junior \u00b7 Afrique francophone<\/div>\n<\/div>\n<p><a class=\"etm-cardlink\" href=\"\/fr\/le-personnel\/viki-villka\/\" aria-label=\"Sarah M\u00e9gnint\"><\/a><\/div>\n<div class=\"etm-card\">\n<div class=\"etm-photowrap\"><img decoding=\"async\" class=\"etm-photo\" src=\"https:\/\/ecotop.org\/wp-content\/uploads\/2023\/04\/patrick.jpg\" alt=\"Patrick Joller\" loading=\"lazy\"><\/div>\n<div class=\"etm-body\">\n<div class=\"etm-name\">Patrick Joller<\/div>\n<div class=\"etm-role\">Consultant international junior<\/div>\n<\/div>\n<p><a class=\"etm-cardlink\" href=\"\/fr\/le-personnel\/patrick-joller\/\" aria-label=\"Patrick Joller\"><\/a><\/div>\n<div class=\"etm-card\">\n<div class=\"etm-photowrap\"><img decoding=\"async\" class=\"etm-photo\" src=\"https:\/\/ecotop.org\/wp-content\/uploads\/2023\/06\/sqimg_71250666.jpg\" alt=\"David Tsofnas\" loading=\"lazy\"><\/div>\n<div class=\"etm-body\">\n<div class=\"etm-name\">David Tsofnas<\/div>\n<div class=\"etm-role\">Consultant junior en climatologie<\/div>\n<\/div>\n<p><a class=\"etm-cardlink\" href=\"\/fr\/le-personnel\/david-tsofnas\/\" aria-label=\"David Tsofnas\"><\/a><\/div>\n<div class=\"etm-card\">\n<div class=\"etm-photowrap\"><img decoding=\"async\" class=\"etm-photo\" src=\"https:\/\/ecotop.org\/wp-content\/uploads\/2023\/04\/sqimg_89635114.jpg\" alt=\"Nabila Budiaki\" loading=\"lazy\"><\/div>\n<div class=\"etm-body\">\n<div class=\"etm-name\">Nabila Budiaki<\/div>\n<div class=\"etm-role\">Accompagnement de projets et comptabilisation des \u00e9missions de carbone<\/div>\n<\/div>\n<p><a class=\"etm-cardlink\" href=\"\/fr\/le-personnel\/nabila-budiaki\/\" aria-label=\"Nabila Budiaki\"><\/a><\/div>\n<div class=\"etm-card\">\n<div class=\"etm-photowrap\"><img decoding=\"async\" class=\"etm-photo\" src=\"https:\/\/ecotop.org\/wp-content\/uploads\/2023\/04\/square-image-3.jpg\" alt=\"Daniel Quispe Chura\" loading=\"lazy\"><\/div>\n<div class=\"etm-body\">\n<div class=\"etm-name\">Daniel Quispe Chura<\/div>\n<div class=\"etm-role\">Technicien de terrain<\/div>\n<\/div>\n<p><a class=\"etm-cardlink\" href=\"\/fr\/le-personnel\/daniel-quispe-chura\/\" aria-label=\"Daniel Quispe Chura\"><\/a><\/div>\n<div class=\"etm-card\">\n<div class=\"etm-photowrap\"><img decoding=\"async\" class=\"etm-photo\" src=\"https:\/\/ecotop.org\/wp-content\/uploads\/2023\/04\/marcos-suca-01.jpg\" alt=\"Marcos Suca\" loading=\"lazy\"><\/div>\n<div class=\"etm-body\">\n<div class=\"etm-name\">Marcos Suca<\/div>\n<div class=\"etm-role\">Technicien de terrain<\/div>\n<\/div>\n<p><a class=\"etm-cardlink\" href=\"\/fr\/le-personnel\/marcos-suca\/\" aria-label=\"Marcos Suca\"><\/a><\/div>\n<div class=\"etm-card\">\n<div class=\"etm-photowrap\"><img decoding=\"async\" class=\"etm-photo\" src=\"https:\/\/ecotop.org\/wp-content\/uploads\/2023\/04\/Gemini_Generated_Image_oc7s16oc7s16oc7s.png\" alt=\"Emerita Cami\u00f1o B.\" loading=\"lazy\"><\/div>\n<div class=\"etm-body\">\n<div class=\"etm-name\">Emerita Cami\u00f1o B.<\/div>\n<div class=\"etm-role\">Consultant, Alto Beni<\/div>\n<\/div>\n<p><a class=\"etm-cardlink\" href=\"\/fr\/le-personnel\/emerita-camino-b\/\" aria-label=\"Emerita Cami\u00f1o B.\"><\/a><\/div>\n<div class=\"etm-card\">\n<div class=\"etm-photowrap\"><img decoding=\"async\" class=\"etm-photo\" src=\"https:\/\/ecotop.org\/wp-content\/uploads\/2023\/04\/square-image-2.jpg\" alt=\"Benjamin Mamani\" loading=\"lazy\"><\/div>\n<div class=\"etm-body\">\n<div class=\"etm-name\">Benjamin Mamani<\/div>\n<div class=\"etm-role\">Technicien de terrain<\/div>\n<\/div>\n<p><a class=\"etm-cardlink\" href=\"\/fr\/le-personnel\/benjamin-mamani\/\" aria-label=\"Benjamin Mamani\"><\/a><\/div>\n<\/div>\n<\/section>\n<section id=\"etm-foundation\" class=\"etm-section\">\n<div class=\"etm-sechead etm-f\">\n<div>\n<h2>Fondation ECOTOP<\/h2>\n<div class=\"etm-desc\">La fondation \u00e0 but non lucratif qui porte la mission d'ECOTOP : son conseil d'administration, sa direction, ses coordinateurs et ses \u00e9quipes de terrain.<\/div>\n<\/div>\n<p><span class=\"etm-count\">28 personnes<\/span><\/div>\n<div class=\"etm-sub\">Conseil d'administration et direction<\/div>\n<div class=\"etm-grid etm-lead\">\n<div class=\"etm-card\">\n<div class=\"etm-photowrap\"><img decoding=\"async\" class=\"etm-photo\" src=\"https:\/\/ecotop.org\/wp-content\/uploads\/2016\/05\/joachim.jpg\" alt=\"Dr. Joachim Milz\" loading=\"lazy\"><\/div>\n<div class=\"etm-body\">\n<div class=\"etm-name\">Dr. Joachim Milz<\/div>\n<div class=\"etm-role\">Pr\u00e9sident de la Fondation ECOTOP<\/div>\n<div class=\"etm-blurb\">Agriculteur et scientifique fort de plus de 40 ans d'exp\u00e9rience ; pionnier de l'agroforesterie dynamique dans le cadre du projet ECOTOP.<\/div>\n<\/div>\n<p><a class=\"etm-cardlink\" href=\"\/fr\/le-personnel\/joachim-milz\/\" aria-label=\"Dr. Joachim Milz\"><\/a><\/div>\n<div class=\"etm-card\">\n<div class=\"etm-photowrap\"><img decoding=\"async\" class=\"etm-photo\" src=\"https:\/\/ecotop.org\/wp-content\/uploads\/2023\/04\/sqimg_33251440.jpg\" alt=\"Johannes Milz\" loading=\"lazy\"><\/div>\n<div class=\"etm-body\">\n<div class=\"etm-name\">Johannes Milz<\/div>\n<div class=\"etm-role\">Membre du conseil d'administration de la Fondation ECOTOP<\/div>\n<div class=\"etm-blurb\">Ing\u00e9nieur agronome (master, Wageningen) sp\u00e9cialis\u00e9 dans l'agriculture durable et la s\u00e9questration du carbone par l'agroforesterie.<\/div>\n<\/div>\n<p><a class=\"etm-cardlink\" href=\"\/fr\/le-personnel\/johannes-milz-2\/\" aria-label=\"Johannes Milz\"><\/a><\/div>\n<div class=\"etm-card\">\n<div class=\"etm-photowrap\"><img decoding=\"async\" class=\"etm-photo\" src=\"https:\/\/ecotop.org\/wp-content\/uploads\/2023\/04\/sqimg_1779455503364.jpg\" alt=\"Dr Horacio Augstburger\" loading=\"lazy\"><\/div>\n<div class=\"etm-body\">\n<div class=\"etm-name\">Dr Horacio Augstburger<\/div>\n<div class=\"etm-role\">Membre du conseil d'administration<\/div>\n<div class=\"etm-blurb\">Scientifique sp\u00e9cialiste de l'environnement et expert en syst\u00e8mes alimentaires durables, bas\u00e9 \u00e0 Cochabamba, en Bolivie.<\/div>\n<\/div>\n<p><a class=\"etm-cardlink\" href=\"\/fr\/le-personnel\/horacio-augstburger-docteur-es-sciences\/\" aria-label=\"Dr Horacio Augstburger\"><\/a><\/div>\n<div class=\"etm-card\">\n<div class=\"etm-photowrap\"><img decoding=\"async\" class=\"etm-photo\" src=\"https:\/\/ecotop.org\/wp-content\/uploads\/2023\/04\/Pasted-Graphic-3.png\" alt=\"Luis Franck Canedo\" loading=\"lazy\"><\/div>\n<div class=\"etm-body\">\n<div class=\"etm-name\">Luis Franck Canedo<\/div>\n<div class=\"etm-role\">Directeur g\u00e9n\u00e9ral<\/div>\n<div class=\"etm-blurb\">Responsable senior des finances et de l'administration.<\/div>\n<\/div>\n<p><a class=\"etm-cardlink\" href=\"\/fr\/le-personnel\/luis-franck-canedo\/\" aria-label=\"Luis Franck Canedo\"><\/a><\/div>\n<div class=\"etm-card\">\n<div class=\"etm-photowrap\"><img decoding=\"async\" class=\"etm-photo\" src=\"https:\/\/ecotop.org\/wp-content\/uploads\/2023\/04\/sqimg_53599350.jpg\" alt=\"Soledad Enriquez Orellana\" loading=\"lazy\"><\/div>\n<div class=\"etm-body\">\n<div class=\"etm-name\">Soledad Enriquez Orellana<\/div>\n<div class=\"etm-role\">Responsable des op\u00e9rations<\/div>\n<div class=\"etm-blurb\">Dirige les activit\u00e9s quotidiennes de la Fondation ECOTOP.<\/div>\n<\/div>\n<p><a class=\"etm-cardlink\" href=\"\/fr\/le-personnel\/soledad-enriquez-orellana\/\" aria-label=\"Soledad Enriquez Orellana\"><\/a><\/div>\n<\/div>\n<div class=\"etm-sub\">\u00c9quipe senior<\/div>\n<div class=\"etm-grid etm-senior\">\n<div class=\"etm-card\">\n<div class=\"etm-photowrap\"><img decoding=\"async\" class=\"etm-photo\" src=\"https:\/\/ecotop.org\/wp-content\/uploads\/2024\/05\/Scientific-Coordinator.jpg\" alt=\"Lucia Descarpontriez Rojas\" loading=\"lazy\"><\/div>\n<div class=\"etm-body\">\n<div class=\"etm-name\">Lucia Descarpontriez Rojas<\/div>\n<div class=\"etm-role\">Coordinateur scientifique<\/div>\n<\/div>\n<p><a class=\"etm-cardlink\" href=\"\/fr\/le-personnel\/lucia-descarpontriez-rojas\/\" aria-label=\"Lucia Descarpontriez Rojas\"><\/a><\/div>\n<div class=\"etm-card\">\n<div class=\"etm-photowrap\"><img decoding=\"async\" class=\"etm-photo\" src=\"https:\/\/ecotop.org\/wp-content\/uploads\/2023\/04\/Fortunato-Velasquez-Marca.jpg\" alt=\"Fortunato Vel\u00e1squez\" loading=\"lazy\"><\/div>\n<div class=\"etm-body\">\n<div class=\"etm-name\">Fortunato Vel\u00e1squez<\/div>\n<div class=\"etm-role\">Coordinateur du projet Misereor<\/div>\n<\/div>\n<p><a class=\"etm-cardlink\" href=\"\/fr\/le-personnel\/fortunato-velasquez-2\/\" aria-label=\"Fortunato Vel\u00e1squez\"><\/a><\/div>\n<div class=\"etm-card\">\n<div class=\"etm-photowrap\"><img decoding=\"async\" class=\"etm-photo\" src=\"https:\/\/ecotop.org\/wp-content\/uploads\/2023\/04\/Walter-Yana-Cuaker.jpg\" alt=\"Walter Yana Cuaker\" loading=\"lazy\"><\/div>\n<div class=\"etm-body\">\n<div class=\"etm-name\">Walter Yana Cuaker<\/div>\n<div class=\"etm-role\">Consultant principal<\/div>\n<\/div>\n<p><a class=\"etm-cardlink\" href=\"\/fr\/le-personnel\/walter-yana-cuaker\/\" aria-label=\"Walter Yana Cuaker\"><\/a><\/div>\n<div class=\"etm-card\">\n<div class=\"etm-photowrap\"><img decoding=\"async\" class=\"etm-photo\" src=\"https:\/\/ecotop.org\/wp-content\/uploads\/2023\/04\/consuelo.jpg\" alt=\"Consuelo Campos V.\" loading=\"lazy\"><\/div>\n<div class=\"etm-body\">\n<div class=\"etm-name\">Consuelo Campos V.<\/div>\n<div class=\"etm-role\">Conseiller scientifique<\/div>\n<\/div>\n<p><a class=\"etm-cardlink\" href=\"\/fr\/le-personnel\/consuelo-campos-v-2\/\" aria-label=\"Consuelo Campos V.\"><\/a><\/div>\n<div class=\"etm-card\">\n<div class=\"etm-photowrap\"><img decoding=\"async\" class=\"etm-photo\" src=\"https:\/\/ecotop.org\/wp-content\/uploads\/2024\/05\/sqimg_77553347.jpg\" alt=\"Carmen Michelle Guerra Rivas\" loading=\"lazy\"><\/div>\n<div class=\"etm-body\">\n<div class=\"etm-name\">Carmen Michelle Guerra Rivas<\/div>\n<div class=\"etm-role\">Coordinateur de projet<\/div>\n<\/div>\n<p><a class=\"etm-cardlink\" href=\"\/fr\/le-personnel\/carmen-michelle-guerra-rivas\/\" aria-label=\"Carmen Michelle Guerra Rivas\"><\/a><\/div>\n<div class=\"etm-card\">\n<div class=\"etm-photowrap\"><img decoding=\"async\" class=\"etm-photo\" src=\"https:\/\/ecotop.org\/wp-content\/uploads\/2023\/04\/sqimg_60723710.jpg\" alt=\"Jose Maldonado\" loading=\"lazy\"><\/div>\n<div class=\"etm-body\">\n<div class=\"etm-name\">Jose Maldonado<\/div>\n<div class=\"etm-role\">Coordinateur de projet<\/div>\n<\/div>\n<p><a class=\"etm-cardlink\" href=\"\/fr\/le-personnel\/jose-maldonado\/\" aria-label=\"Jose Maldonado\"><\/a><\/div>\n<div class=\"etm-card\">\n<div class=\"etm-photowrap\"><img decoding=\"async\" class=\"etm-photo\" src=\"https:\/\/ecotop.org\/wp-content\/uploads\/2023\/04\/Julio-Cesar-Ticona-Avalos.jpg\" alt=\"Julio Ticona\" loading=\"lazy\"><\/div>\n<div class=\"etm-body\">\n<div class=\"etm-name\">Julio Ticona<\/div>\n<div class=\"etm-role\">Responsable agronomie \u00b7 Sara Ana<\/div>\n<\/div>\n<p><a class=\"etm-cardlink\" href=\"\/fr\/le-personnel\/julio-ticona\/\" aria-label=\"Julio Ticona\"><\/a><\/div>\n<\/div>\n<div class=\"etm-sub\">\u00c9quipe et terrain<\/div>\n<div class=\"etm-grid etm-compact\">\n<div class=\"etm-card\">\n<div class=\"etm-photowrap\"><img decoding=\"async\" class=\"etm-photo\" src=\"https:\/\/ecotop.org\/wp-content\/uploads\/2023\/06\/yessenia-001.jpg\" alt=\"Yessenia M. Ibanez Apaza\" loading=\"lazy\"><\/div>\n<div class=\"etm-body\">\n<div class=\"etm-name\">Yessenia M. Ibanez Apaza<\/div>\n<div class=\"etm-role\">Consultant r\u00e9gional<\/div>\n<\/div>\n<p><a class=\"etm-cardlink\" href=\"\/fr\/le-personnel\/yessenia-m-ibanez-apaza\/\" aria-label=\"Yessenia M. Ibanez Apaza\"><\/a><\/div>\n<div class=\"etm-card\">\n<div class=\"etm-photowrap\"><img decoding=\"async\" class=\"etm-photo\" src=\"https:\/\/ecotop.org\/wp-content\/uploads\/2023\/04\/square-image-3.jpg\" alt=\"Daniel Quispe Chura\" loading=\"lazy\"><\/div>\n<div class=\"etm-body\">\n<div class=\"etm-name\">Daniel Quispe Chura<\/div>\n<div class=\"etm-role\">Technicien de terrain<\/div>\n<\/div>\n<p><a class=\"etm-cardlink\" href=\"\/fr\/le-personnel\/daniel-quispe-chura\/\" aria-label=\"Daniel Quispe Chura\"><\/a><\/div>\n<div class=\"etm-card\">\n<div class=\"etm-photowrap\"><img decoding=\"async\" class=\"etm-photo\" src=\"https:\/\/ecotop.org\/wp-content\/uploads\/2023\/04\/marcos-suca-01.jpg\" alt=\"Marcos Suca\" loading=\"lazy\"><\/div>\n<div class=\"etm-body\">\n<div class=\"etm-name\">Marcos Suca<\/div>\n<div class=\"etm-role\">Technicien de terrain<\/div>\n<\/div>\n<p><a class=\"etm-cardlink\" href=\"\/fr\/le-personnel\/marcos-suca\/\" aria-label=\"Marcos Suca\"><\/a><\/div>\n<div class=\"etm-card\">\n<div class=\"etm-photowrap\"><img decoding=\"async\" class=\"etm-photo\" src=\"https:\/\/ecotop.org\/wp-content\/uploads\/2023\/04\/virginia-paye-01.jpg\" alt=\"Virginia Paye\" loading=\"lazy\"><\/div>\n<div class=\"etm-body\">\n<div class=\"etm-name\">Virginia Paye<\/div>\n<div class=\"etm-role\">Consultant junior<\/div>\n<\/div>\n<p><a class=\"etm-cardlink\" href=\"\/fr\/le-personnel\/virginie-paye\/\" aria-label=\"Virginia Paye\"><\/a><\/div>\n<div class=\"etm-card\">\n<div class=\"etm-photowrap\"><img decoding=\"async\" class=\"etm-photo\" src=\"https:\/\/ecotop.org\/wp-content\/uploads\/2023\/04\/square-image-2.jpg\" alt=\"Benjamin Mamani\" loading=\"lazy\"><\/div>\n<div class=\"etm-body\">\n<div class=\"etm-name\">Benjamin Mamani<\/div>\n<div class=\"etm-role\">Technicien de terrain<\/div>\n<\/div>\n<p><a class=\"etm-cardlink\" href=\"\/fr\/le-personnel\/benjamin-mamani\/\" aria-label=\"Benjamin Mamani\"><\/a><\/div>\n<div class=\"etm-card\">\n<div class=\"etm-photowrap\"><img decoding=\"async\" class=\"etm-photo\" src=\"https:\/\/ecotop.org\/wp-content\/uploads\/2023\/04\/profile1.jpg\" alt=\"Ronald Vladimir Ochoa Calle\" loading=\"lazy\"><\/div>\n<div class=\"etm-body\">\n<div class=\"etm-name\">Ronald Vladimir Ochoa Calle<\/div>\n<div class=\"etm-role\">Technicien, Alto Beni<\/div>\n<\/div>\n<p><a class=\"etm-cardlink\" href=\"\/fr\/le-personnel\/ronald-vladimir-ochoa-calle\/\" aria-label=\"Ronald Vladimir Ochoa Calle\"><\/a><\/div>\n<div class=\"etm-card\">\n<div class=\"etm-photowrap\"><img decoding=\"async\" class=\"etm-photo\" src=\"https:\/\/ecotop.org\/wp-content\/uploads\/2023\/04\/2Vilma-Mamani-Cordero.jpg\" alt=\"Vilma Mamani\" loading=\"lazy\"><\/div>\n<div class=\"etm-body\">\n<div class=\"etm-name\">Vilma Mamani<\/div>\n<div class=\"etm-role\">Comptabilit\u00e9<\/div>\n<\/div>\n<p><a class=\"etm-cardlink\" href=\"\/fr\/le-personnel\/vilma-mamani\/\" aria-label=\"Vilma Mamani\"><\/a><\/div>\n<div class=\"etm-card\">\n<div class=\"etm-photowrap\"><img decoding=\"async\" class=\"etm-photo\" src=\"https:\/\/ecotop.org\/wp-content\/uploads\/2023\/04\/profile1.jpg\" alt=\"Ruben Quispe Tipa\" loading=\"lazy\"><\/div>\n<div class=\"etm-body\">\n<div class=\"etm-name\">Ruben Quispe Tipa<\/div>\n<div class=\"etm-role\">Technicien, Alto Beni<\/div>\n<\/div>\n<p><a class=\"etm-cardlink\" href=\"\/fr\/le-personnel\/ruben-quispe-tipa\/\" aria-label=\"Ruben Quispe Tipa\"><\/a><\/div>\n<div class=\"etm-card\">\n<div class=\"etm-photowrap\"><img decoding=\"async\" class=\"etm-photo\" src=\"https:\/\/ecotop.org\/wp-content\/uploads\/2023\/04\/square-image-1.jpg\" alt=\"Ernesto Yana\" loading=\"lazy\"><\/div>\n<div class=\"etm-body\">\n<div class=\"etm-name\">Ernesto Yana<\/div>\n<div class=\"etm-role\">Technicien de terrain<\/div>\n<\/div>\n<p><a class=\"etm-cardlink\" href=\"\/fr\/le-personnel\/edgar-pinaya-luna\/\" aria-label=\"Ernesto Yana\"><\/a><\/div>\n<div class=\"etm-card\">\n<div class=\"etm-photowrap\"><img decoding=\"async\" class=\"etm-photo\" src=\"https:\/\/ecotop.org\/wp-content\/uploads\/2023\/06\/irene-conde-01.jpg\" alt=\"Ir\u00e8ne Conde\" loading=\"lazy\"><\/div>\n<div class=\"etm-body\">\n<div class=\"etm-name\">Ir\u00e8ne Conde<\/div>\n<div class=\"etm-role\">Assistant(e) comptable<\/div>\n<\/div>\n<p><a class=\"etm-cardlink\" href=\"\/fr\/le-personnel\/irene-conde\/\" aria-label=\"Ir\u00e8ne Conde\"><\/a><\/div>\n<div class=\"etm-card\">\n<div class=\"etm-photowrap\"><img decoding=\"async\" class=\"etm-photo\" src=\"https:\/\/ecotop.org\/wp-content\/uploads\/2023\/04\/profile1.jpg\" alt=\"Victor Hugo Inofuentes Otoya\" loading=\"lazy\"><\/div>\n<div class=\"etm-body\">\n<div class=\"etm-name\">Victor Hugo Inofuentes Otoya<\/div>\n<div class=\"etm-role\">Technicien, Alto Beni<\/div>\n<\/div>\n<p><a class=\"etm-cardlink\" href=\"\/fr\/le-personnel\/victor-hugo-inofuentes-otoya\/\" aria-label=\"Victor Hugo Inofuentes Otoya\"><\/a><\/div>\n<div class=\"etm-card\">\n<div class=\"etm-photowrap\"><img decoding=\"async\" class=\"etm-photo\" src=\"https:\/\/ecotop.org\/wp-content\/uploads\/2023\/04\/Elver-Mamani.jpg\" alt=\"Elver Mamani\" loading=\"lazy\"><\/div>\n<div class=\"etm-body\">\n<div class=\"etm-name\">Elver Mamani<\/div>\n<div class=\"etm-role\">Sara Ana Op\u00e9ratrice<\/div>\n<\/div>\n<p><a class=\"etm-cardlink\" href=\"\/fr\/le-personnel\/elver-mamani\/\" aria-label=\"Elver Mamani\"><\/a><\/div>\n<div class=\"etm-card\">\n<div class=\"etm-photowrap\"><img decoding=\"async\" class=\"etm-photo\" src=\"https:\/\/ecotop.org\/wp-content\/uploads\/2023\/04\/Gemini_Generated_Image_oc7s16oc7s16oc7s.png\" alt=\"Emerita Cami\u00f1o B.\" loading=\"lazy\"><\/div>\n<div class=\"etm-body\">\n<div class=\"etm-name\">Emerita Cami\u00f1o B.<\/div>\n<div class=\"etm-role\">Consultant, Alto Beni<\/div>\n<\/div>\n<p><a class=\"etm-cardlink\" href=\"\/fr\/le-personnel\/emerita-camino-b\/\" aria-label=\"Emerita Cami\u00f1o B.\"><\/a><\/div>\n<div class=\"etm-card\">\n<div class=\"etm-photowrap\"><img decoding=\"async\" class=\"etm-photo\" src=\"https:\/\/ecotop.org\/wp-content\/uploads\/2023\/04\/Ivan-Chita-Suri.jpg\" alt=\"Ivan Chita\" loading=\"lazy\"><\/div>\n<div class=\"etm-body\">\n<div class=\"etm-name\">Ivan Chita<\/div>\n<div class=\"etm-role\">Sara Ana Op\u00e9ratrice<\/div>\n<\/div>\n<p><a class=\"etm-cardlink\" href=\"\/fr\/le-personnel\/ivan-chita\/\" aria-label=\"Ivan Chita\"><\/a><\/div>\n<div class=\"etm-card\">\n<div class=\"etm-photowrap\"><img decoding=\"async\" class=\"etm-photo\" src=\"https:\/\/ecotop.org\/wp-content\/uploads\/2023\/04\/Celso-Abran-Blanco-Barra.jpg\" alt=\"Celso Abran Blanco Barra\" loading=\"lazy\"><\/div>\n<div class=\"etm-body\">\n<div class=\"etm-name\">Celso Abran Blanco Barra<\/div>\n<div class=\"etm-role\">Sara Ana Op\u00e9ratrice<\/div>\n<\/div>\n<p><a class=\"etm-cardlink\" href=\"\/fr\/le-personnel\/celso-abran-blanco-barra\/\" aria-label=\"Celso Abran Blanco Barra\"><\/a><\/div>\n<div class=\"etm-card\">\n<div class=\"etm-photowrap\"><img decoding=\"async\" class=\"etm-photo\" src=\"https:\/\/ecotop.org\/wp-content\/uploads\/2023\/04\/Julieta-Garcia-Portugal.jpg\" alt=\"Julieta Garc\u00eda\" loading=\"lazy\"><\/div>\n<div class=\"etm-body\">\n<div class=\"etm-name\">Julieta Garc\u00eda<\/div>\n<div class=\"etm-role\">Sara Ana Op\u00e9ratrice<\/div>\n<\/div>\n<p><a class=\"etm-cardlink\" href=\"\/fr\/le-personnel\/julieta-garcia\/\" aria-label=\"Julieta Garc\u00eda\"><\/a><\/div>\n<\/div>\n<\/section>\n<\/div>\n<style>\/* team hero: text left, portrait cluster right *\/.infinite-page-title-wrap .infinite-page-title-content{padding-top:64px!important;padding-bottom:60px!important;text-align:center}.etm-hero-text h1,.etm-hero-text .infinite-page-caption{text-align:center!important}.etm-hero-text{min-width:0}.etm-hero-text h1{margin-bottom:8px!important}.etm-hero-lead{color:rgba(255,255,255,.92)!important;font-size:17px!important;line-height:1.65;max-width:700px;margin:18px auto 0!important;text-align:center}.etm-hero-jump{display:flex;gap:10px;flex-wrap:wrap;justify-content:center;margin:26px 0 0!important;padding:0!important;border:0!important}.etm-hero-jump a{display:inline-flex;align-items:center;gap:8px;padding:9px 18px;border:1px solid rgba(255,255,255,.55)!important;border-radius:999px;text-decoration:none;color:#fff!important;background:rgba(255,255,255,.12);font-weight:700;font-size:14px}.etm-hero-jump a:hover{background:rgba(255,255,255,.24)}.etm-hero-jump .d{width:10px;height:10px;border-radius:50%}.etm-hero-jump .d.s{background:#fff!important}.etm-hero-jump .d.f{background:#c8d43a!important}.etm .etm-section:first-of-type{margin-top:48px!important}@media(max-width:900px){.infinite-page-title-wrap .infinite-page-title-content{padding-top:52px!important;padding-bottom:48px!important}.etm-hero-lead{font-size:15.5px!important}}<\/style>\n<p><script>(function(){var c=document.querySelector(\".infinite-page-title-content\");var l=document.querySelector(\".etm-lead-in\");var j=document.querySelector(\".etm-jump\");if(!c||!l||!j){return;}var t=document.createElement(\"div\");t.className=\"etm-hero-text\";while(c.firstChild){t.appendChild(c.firstChild);}l.classList.add(\"etm-hero-lead\");j.classList.add(\"etm-hero-jump\");t.appendChild(l);t.appendChild(j);c.appendChild(t);})();<\/script><\/p>","protected":false},"excerpt":{"rendered":"<p>Agronomists, field technicians, coordinators and consultants. Meet the people behind ECOTOP\u2019s work, organised across ECOTOP Suisse and the ECOTOP Foundation. ECOTOP SuisseECOTOP Foundation ECOTOP Suisse The consulting and implementation arm [&hellip;]<\/p>\n","protected":false},"author":2,"featured_media":0,"parent":0,"menu_order":0,"comment_status":"closed","ping_status":"closed","template":"","meta":{"footnotes":""},"class_list":["post-8302","page","type-page","status-publish","hentry"],"yoast_head":"<!-- This site is optimized with the Yoast SEO plugin v27.2 - https:\/\/yoast.com\/product\/yoast-seo-wordpress\/ -->\n<title>Our Team - ECOTOP<\/title>\n<meta name=\"robots\" content=\"index, follow, max-snippet:-1, max-image-preview:large, max-video-preview:-1\" \/>\n<link rel=\"canonical\" href=\"https:\/\/ecotop.org\/fr\/notre-equipe\/\" \/>\n<meta property=\"og:locale\" content=\"fr_FR\" \/>\n<meta property=\"og:type\" content=\"article\" \/>\n<meta property=\"og:title\" content=\"Our Team - ECOTOP\" \/>\n<meta property=\"og:description\" content=\"Agronomists, field technicians, coordinators and consultants. Meet the people behind ECOTOP\u2019s work, organised across ECOTOP Suisse and the ECOTOP Foundation. ECOTOP SuisseECOTOP Foundation ECOTOP Suisse The consulting and implementation arm [&hellip;]\" \/>\n<meta property=\"og:url\" content=\"https:\/\/ecotop.org\/fr\/notre-equipe\/\" \/>\n<meta property=\"og:site_name\" content=\"ECOTOP\" \/>\n<meta property=\"article:publisher\" content=\"https:\/\/www.facebook.com\/ecotopbolivia\" \/>\n<meta property=\"article:modified_time\" content=\"2026-08-27T07:19:26+00:00\" \/>\n<meta property=\"og:image\" content=\"https:\/\/ecotop.org\/wp-content\/uploads\/2016\/05\/joachim.jpg\" \/>\n<meta name=\"twitter:card\" content=\"summary_large_image\" \/>\n<meta name=\"twitter:label1\" content=\"Dur\u00e9e de lecture estim\u00e9e\" \/>\n\t<meta name=\"twitter:data1\" content=\"13 minutes\" \/>\n<script type=\"application\/ld+json\" class=\"yoast-schema-graph\">{\"@context\":\"https:\/\/schema.org\",\"@graph\":[{\"@type\":\"WebPage\",\"@id\":\"https:\/\/ecotop.org\/our-team\/\",\"url\":\"https:\/\/ecotop.org\/our-team\/\",\"name\":\"Our Team - ECOTOP\",\"isPartOf\":{\"@id\":\"https:\/\/ecotop.org\/#website\"},\"primaryImageOfPage\":{\"@id\":\"https:\/\/ecotop.org\/our-team\/#primaryimage\"},\"image\":{\"@id\":\"https:\/\/ecotop.org\/our-team\/#primaryimage\"},\"thumbnailUrl\":\"https:\/\/ecotop.org\/wp-content\/uploads\/2016\/05\/joachim.jpg\",\"datePublished\":\"2026-07-22T10:28:36+00:00\",\"dateModified\":\"2026-08-27T07:19:26+00:00\",\"breadcrumb\":{\"@id\":\"https:\/\/ecotop.org\/our-team\/#breadcrumb\"},\"inLanguage\":\"fr-FR\",\"potentialAction\":[{\"@type\":\"ReadAction\",\"target\":[\"https:\/\/ecotop.org\/our-team\/\"]}]},{\"@type\":\"ImageObject\",\"inLanguage\":\"fr-FR\",\"@id\":\"https:\/\/ecotop.org\/our-team\/#primaryimage\",\"url\":\"https:\/\/ecotop.org\/wp-content\/uploads\/2016\/05\/joachim.jpg\",\"contentUrl\":\"https:\/\/ecotop.org\/wp-content\/uploads\/2016\/05\/joachim.jpg\"},{\"@type\":\"BreadcrumbList\",\"@id\":\"https:\/\/ecotop.org\/our-team\/#breadcrumb\",\"itemListElement\":[{\"@type\":\"ListItem\",\"position\":1,\"name\":\"Home\",\"item\":\"https:\/\/ecotop.org\/\"},{\"@type\":\"ListItem\",\"position\":2,\"name\":\"Our Team\"}]},{\"@type\":\"WebSite\",\"@id\":\"https:\/\/ecotop.org\/#website\",\"url\":\"https:\/\/ecotop.org\/\",\"name\":\"ECOTOP\",\"description\":\"Pioneering Dynamic Agroforestry Worldwide\",\"publisher\":{\"@id\":\"https:\/\/ecotop.org\/#organization\"},\"potentialAction\":[{\"@type\":\"SearchAction\",\"target\":{\"@type\":\"EntryPoint\",\"urlTemplate\":\"https:\/\/ecotop.org\/?s={search_term_string}\"},\"query-input\":{\"@type\":\"PropertyValueSpecification\",\"valueRequired\":true,\"valueName\":\"search_term_string\"}}],\"inLanguage\":\"fr-FR\"},{\"@type\":\"Organization\",\"@id\":\"https:\/\/ecotop.org\/#organization\",\"name\":\"ECOTOP\",\"url\":\"https:\/\/ecotop.org\/\",\"logo\":{\"@type\":\"ImageObject\",\"inLanguage\":\"fr-FR\",\"@id\":\"https:\/\/ecotop.org\/#\/schema\/logo\/image\/\",\"url\":\"https:\/\/ecotop.org\/wp-content\/uploads\/2023\/04\/logo_ecotop.png\",\"contentUrl\":\"https:\/\/ecotop.org\/wp-content\/uploads\/2023\/04\/logo_ecotop.png\",\"width\":454,\"height\":170,\"caption\":\"ECOTOP\"},\"image\":{\"@id\":\"https:\/\/ecotop.org\/#\/schema\/logo\/image\/\"},\"sameAs\":[\"https:\/\/www.facebook.com\/ecotopbolivia\"]}]}<\/script>\n<!-- \/ Yoast SEO plugin. -->","yoast_head_json":{"title":"Notre \u00e9quipe - ECOTOP","robots":{"index":"index","follow":"follow","max-snippet":"max-snippet:-1","max-image-preview":"max-image-preview:large","max-video-preview":"max-video-preview:-1"},"canonical":"https:\/\/ecotop.org\/fr\/notre-equipe\/","og_locale":"fr_FR","og_type":"article","og_title":"Our Team - ECOTOP","og_description":"Agronomists, field technicians, coordinators and consultants. Meet the people behind ECOTOP\u2019s work, organised across ECOTOP Suisse and the ECOTOP Foundation. ECOTOP SuisseECOTOP Foundation ECOTOP Suisse The consulting and implementation arm [&hellip;]","og_url":"https:\/\/ecotop.org\/fr\/notre-equipe\/","og_site_name":"ECOTOP","article_publisher":"https:\/\/www.facebook.com\/ecotopbolivia","article_modified_time":"2026-08-27T07:19:26+00:00","og_image":[{"url":"https:\/\/ecotop.org\/wp-content\/uploads\/2016\/05\/joachim.jpg","type":"","width":"","height":""}],"twitter_card":"summary_large_image","twitter_misc":{"Dur\u00e9e de lecture estim\u00e9e":"13 minutes"},"schema":{"@context":"https:\/\/schema.org","@graph":[{"@type":"WebPage","@id":"https:\/\/ecotop.org\/our-team\/","url":"https:\/\/ecotop.org\/our-team\/","name":"Notre \u00e9quipe - ECOTOP","isPartOf":{"@id":"https:\/\/ecotop.org\/#website"},"primaryImageOfPage":{"@id":"https:\/\/ecotop.org\/our-team\/#primaryimage"},"image":{"@id":"https:\/\/ecotop.org\/our-team\/#primaryimage"},"thumbnailUrl":"https:\/\/ecotop.org\/wp-content\/uploads\/2016\/05\/joachim.jpg","datePublished":"2026-07-22T10:28:36+00:00","dateModified":"2026-08-27T07:19:26+00:00","breadcrumb":{"@id":"https:\/\/ecotop.org\/our-team\/#breadcrumb"},"inLanguage":"fr-FR","potentialAction":[{"@type":"ReadAction","target":["https:\/\/ecotop.org\/our-team\/"]}]},{"@type":"ImageObject","inLanguage":"fr-FR","@id":"https:\/\/ecotop.org\/our-team\/#primaryimage","url":"https:\/\/ecotop.org\/wp-content\/uploads\/2016\/05\/joachim.jpg","contentUrl":"https:\/\/ecotop.org\/wp-content\/uploads\/2016\/05\/joachim.jpg"},{"@type":"BreadcrumbList","@id":"https:\/\/ecotop.org\/our-team\/#breadcrumb","itemListElement":[{"@type":"ListItem","position":1,"name":"Home","item":"https:\/\/ecotop.org\/"},{"@type":"ListItem","position":2,"name":"Our Team"}]},{"@type":"WebSite","@id":"https:\/\/ecotop.org\/#website","url":"https:\/\/ecotop.org\/","name":"ECOTOP","description":"Un pionnier de l'agroforesterie dynamique dans le monde entier","publisher":{"@id":"https:\/\/ecotop.org\/#organization"},"potentialAction":[{"@type":"SearchAction","target":{"@type":"EntryPoint","urlTemplate":"https:\/\/ecotop.org\/?s={search_term_string}"},"query-input":{"@type":"PropertyValueSpecification","valueRequired":true,"valueName":"search_term_string"}}],"inLanguage":"fr-FR"},{"@type":"Organization","@id":"https:\/\/ecotop.org\/#organization","name":"ECOTOP","url":"https:\/\/ecotop.org\/","logo":{"@type":"ImageObject","inLanguage":"fr-FR","@id":"https:\/\/ecotop.org\/#\/schema\/logo\/image\/","url":"https:\/\/ecotop.org\/wp-content\/uploads\/2023\/04\/logo_ecotop.png","contentUrl":"https:\/\/ecotop.org\/wp-content\/uploads\/2023\/04\/logo_ecotop.png","width":454,"height":170,"caption":"ECOTOP"},"image":{"@id":"https:\/\/ecotop.org\/#\/schema\/logo\/image\/"},"sameAs":["https:\/\/www.facebook.com\/ecotopbolivia"]}]}},"_links":{"self":[{"href":"https:\/\/ecotop.org\/fr\/wp-json\/wp\/v2\/pages\/8302","targetHints":{"allow":["GET"]}}],"collection":[{"href":"https:\/\/ecotop.org\/fr\/wp-json\/wp\/v2\/pages"}],"about":[{"href":"https:\/\/ecotop.org\/fr\/wp-json\/wp\/v2\/types\/page"}],"author":[{"embeddable":true,"href":"https:\/\/ecotop.org\/fr\/wp-json\/wp\/v2\/users\/2"}],"replies":[{"embeddable":true,"href":"https:\/\/ecotop.org\/fr\/wp-json\/wp\/v2\/comments?post=8302"}],"version-history":[{"count":5,"href":"https:\/\/ecotop.org\/fr\/wp-json\/wp\/v2\/pages\/8302\/revisions"}],"predecessor-version":[{"id":8624,"href":"https:\/\/ecotop.org\/fr\/wp-json\/wp\/v2\/pages\/8302\/revisions\/8624"}],"wp:attachment":[{"href":"https:\/\/ecotop.org\/fr\/wp-json\/wp\/v2\/media?parent=8302"}],"curies":[{"name":"wp","href":"https:\/\/api.w.org\/{rel}","templated":true}]}}