{"id":8302,"date":"2026-07-22T10:28:36","date_gmt":"2026-07-22T10:28:36","guid":{"rendered":"https:\/\/ecotop.org\/?page_id=8302"},"modified":"2026-08-27T07:19:26","modified_gmt":"2026-08-27T07:19:26","slug":"nuestro-equipo","status":"publish","type":"page","link":"https:\/\/ecotop.org\/es\/nuestro-equipo\/","title":{"rendered":"Nuestro equipo"},"content":{"rendered":"<style>\n.infinite-page-title-wrap{border-radius:24px!important;max-width:1240px!important;width:calc(100% - 48px)!important;margin:36px auto 8px!important;overflow:hidden!important;}<\/p>\n<p>.infinite-page-title-wrap{background-image:none!important;background:#00aa90!important;}\n.infinite-page-title-overlay{background:#00aa90!important;opacity:1!important;}\n .etm{--ink:#3c2818;--muted:#6b6257;--green:#00aa90;--green-dark:#0b7a67;--lime:#b7c916;--line:#eae9e4;--soft:#f7f7f4; font-family:'Raleway',-apple-system,Segoe UI,Roboto,Arial,sans-serif;color:var(--ink);line-height:1.5;max-width:1180px;margin:0 auto;padding:8px 0 24px;} .etm *{box-sizing:border-box;} .etm .etm-lead-in{color:var(--muted);font-size:16px;max-width:720px;margin:0 0 26px;} .etm .etm-jump{display:flex;gap:10px;flex-wrap:wrap;margin:0 0 8px;padding-bottom:22px;border-bottom:1px solid var(--line);} .etm .etm-jump a{display:inline-flex;align-items:center;gap:8px;padding:9px 18px;border:1px solid var(--line);border-radius:999px;text-decoration:none;color:var(--ink);font-weight:700;font-size:14px;} .etm .etm-jump .d{width:10px;height:10px;border-radius:50%;} .etm .etm-jump .d.s{background:var(--green);} .etm .etm-jump .d.f{background:var(--lime);} .etm .etm-section{padding:44px 0 4px;} .etm .etm-sechead{display:flex;align-items:flex-start;gap:16px;border-top:3px solid var(--green);padding-top:20px;margin-bottom:6px;} .etm .etm-sechead.etm-f{border-top-color:var(--lime);} .etm .etm-sechead h2{font-size:30px;font-weight:800;margin:0 0 5px;color:var(--ink);} .etm .etm-desc{margin:0;color:var(--muted);font-size:15px;max-width:640px;} .etm .etm-count{margin-left:auto;flex:none;background:var(--soft);border:1px solid var(--line);border-radius:999px;padding:7px 15px;font-weight:700;font-size:13px;color:var(--muted);white-space:nowrap;} .etm .etm-sub{font-weight:800;font-size:12px;color:var(--muted);letter-spacing:.12em;text-transform:uppercase;margin:28px 0 16px;} .etm .etm-grid{display:grid;gap:24px;} .etm .etm-lead{grid-template-columns:repeat(3,1fr);} .etm .etm-senior{grid-template-columns:repeat(4,1fr);gap:22px;} .etm .etm-compact{grid-template-columns:repeat(6,1fr);gap:18px;} .etm .etm-card{background:#fff;border:1px solid var(--line);border-radius:14px;overflow:hidden;transition:.18s ease;display:flex;flex-direction:column;text-decoration:none;color:inherit;} .etm .etm-card:hover{transform:translateY(-4px);box-shadow:0 16px 36px rgba(30,25,10,.12);border-color:#e0e0d8;} .etm .etm-photo{width:100%;aspect-ratio:1\/1;object-fit:cover;object-position:center top;display:block;background:var(--soft);} .etm .etm-body{padding:16px 17px 18px;} .etm .etm-name{font-weight:700;margin:0 0 3px;color:var(--ink);} .etm .etm-role{color:var(--muted);margin:0;} .etm .etm-lead .etm-name{font-size:18px;} .etm .etm-lead .etm-role{font-size:14px;} .etm .etm-blurb{color:#5a5348;font-size:13px;line-height:1.55;margin:12px 0 0;border-top:1px solid var(--line);padding-top:12px;} .etm .etm-senior .etm-name{font-size:15.5px;} .etm .etm-senior .etm-role{font-size:13px;} .etm .etm-compact .etm-body{padding:13px 14px 15px;} .etm .etm-compact .etm-name{font-size:14px;} .etm .etm-compact .etm-role{font-size:12.5px;} @media(max-width:1080px){.etm .etm-lead{grid-template-columns:repeat(2,1fr);}.etm .etm-senior{grid-template-columns:repeat(3,1fr);}.etm .etm-compact{grid-template-columns:repeat(4,1fr);}} @media(max-width:760px){.etm .etm-senior{grid-template-columns:repeat(2,1fr);}.etm .etm-compact{grid-template-columns:repeat(3,1fr);}} @media(max-width:460px){.etm .etm-lead{grid-template-columns:repeat(1,1fr);}.etm .etm-compact{grid-template-columns:repeat(2,1fr);}}  .etm .etm-card{position:relative;} .etm .etm-photowrap{display:block;line-height:0;} .etm .etm-cardlink{position:absolute;top:0;left:0;right:0;bottom:0;z-index:3;border-radius:14px;}  .etm .etm-card p{margin:0!important;padding:0!important;height:0;line-height:0;}  .infinite-body-outer-wrapper{overflow:visible!important;min-height:0!important;height:auto!important;} .infinite-page-wrapper,.infinite-content-container,.infinite-content-area{height:auto!important;min-height:0!important;overflow:visible!important;}  .infinite-body-outer-wrapper{padding-bottom:442px!important;}  .infinite-fixed-footer{display:none!important;} body{background:#fff!important;} .etm .etm-lead4{grid-template-columns:repeat(4,1fr)!important;} @media(max-width:1080px){.etm .etm-lead4{grid-template-columns:repeat(2,1fr)!important;}} @media(max-width:560px){.etm .etm-lead4{grid-template-columns:repeat(1,1fr)!important;}}  .infinite-page-title{display:block!important;} .infinite-page-title-wrap{display:flex!important;align-items:center!important;}  .etm .etm-count{display:none!important;} .infinite-page-title::after{content:\"The people behind Dynamic Agroforestry\";display:block;margin-top:16px;font-size:19px;font-weight:400;letter-spacing:.02em;text-transform:none;color:rgba(255,255,255,.92);}  .infinite-page-title-wrap{background-image:none!important;background-color:#00aa90!important;}  .etm .etm-lead .etm-photo{aspect-ratio:4\/3!important;} <\/style>\n<div class=\"etm\">\n<div class=\"etm-lead-in\">Agr\u00f3nomos, t\u00e9cnicos de campo, coordinadores y asesores. Conoce a las personas que est\u00e1n detr\u00e1s del trabajo de ECOTOP, organizado a trav\u00e9s de ECOTOP Suisse y la Fundaci\u00f3n ECOTOP.<\/div>\n<div class=\"etm-jump\"><a href=\"#etm-suisse\" class=\"s\"><span class=\"d s\"><\/span>ECOTOP Suiza<\/a><a href=\"#etm-foundation\" class=\"f\"><span class=\"d f\"><\/span>Fundaci\u00f3n ECOTOP<\/a><\/div>\n<section id=\"etm-suisse\" class=\"etm-section\">\n<div class=\"etm-sechead etm-s\">\n<div>\n<h2>ECOTOP Suiza<\/h2>\n<div class=\"etm-desc\">La divisi\u00f3n de consultor\u00eda y ejecuci\u00f3n que lleva a cabo proyectos de agroforester\u00eda din\u00e1mica en colaboraci\u00f3n con socios de todo el mundo.<\/div>\n<\/div>\n<p><span class=\"etm-count\">22 personas<\/span><\/div>\n<div class=\"etm-sub\">Gesti\u00f3n y coordinaci\u00f3n<\/div>\n<div class=\"etm-grid etm-lead\">\n<div class=\"etm-card\">\n<div class=\"etm-photowrap\"><img decoding=\"async\" class=\"etm-photo\" src=\"https:\/\/ecotop.org\/wp-content\/uploads\/2016\/05\/joachim.jpg\" alt=\"Dr. Joachim Milz\" loading=\"lazy\"><\/div>\n<div class=\"etm-body\">\n<div class=\"etm-name\">Dr. Joachim Milz<\/div>\n<div class=\"etm-role\">Cofundador y director t\u00e9cnico<\/div>\n<div class=\"etm-blurb\">Agricultor y cient\u00edfico con m\u00e1s de 40 a\u00f1os de experiencia; pionero de la agroforester\u00eda din\u00e1mica a trav\u00e9s de ECOTOP.<\/div>\n<\/div>\n<p><a class=\"etm-cardlink\" href=\"\/es\/personal\/joachim-milz\/\" aria-label=\"Dr. Joachim Milz\"><\/a><\/div>\n<div class=\"etm-card\">\n<div class=\"etm-photowrap\"><img decoding=\"async\" class=\"etm-photo\" src=\"https:\/\/ecotop.org\/wp-content\/uploads\/2023\/10\/Franz-Augstburger.jpeg\" alt=\"Franz Augstburger\" loading=\"lazy\"><\/div>\n<div class=\"etm-body\">\n<div class=\"etm-name\">Franz Augstburger<\/div>\n<div class=\"etm-role\">Cofundador y director general<\/div>\n<div class=\"etm-blurb\">Director general de ECOTOP Suisse; especialista en agricultura ecol\u00f3gica y desarrollo sostenible en los tr\u00f3picos.<\/div>\n<\/div>\n<p><a class=\"etm-cardlink\" href=\"\/es\/personal\/franz-augstburger\/\" aria-label=\"Franz Augstburger\"><\/a><\/div>\n<div class=\"etm-card\">\n<div class=\"etm-photowrap\"><img decoding=\"async\" class=\"etm-photo\" src=\"https:\/\/ecotop.org\/wp-content\/uploads\/2023\/04\/sqimg_33251440.jpg\" alt=\"Johannes Milz\" loading=\"lazy\"><\/div>\n<div class=\"etm-body\">\n<div class=\"etm-name\">Johannes Milz<\/div>\n<div class=\"etm-role\">Coordinador para Latinoam\u00e9rica y responsable de clima<\/div>\n<div class=\"etm-blurb\">Ingeniero agr\u00f3nomo (M\u00e1ster en Ciencias, Wageningen) especializado en agricultura sostenible y la captura de carbono mediante sistemas agroforestales.<\/div>\n<\/div>\n<p><a class=\"etm-cardlink\" href=\"\/es\/personal\/johannes-milz-2\/\" aria-label=\"Johannes Milz\"><\/a><\/div>\n<div class=\"etm-card\">\n<div class=\"etm-photowrap\"><img decoding=\"async\" class=\"etm-photo\" src=\"https:\/\/ecotop.org\/wp-content\/uploads\/2023\/04\/nik-neu.jpg\" alt=\"Nikolas Haller\" loading=\"lazy\"><\/div>\n<div class=\"etm-body\">\n<div class=\"etm-name\">Nikolas Haller<\/div>\n<div class=\"etm-role\">Gestor de programas y proyectos<\/div>\n<div class=\"etm-blurb\">Responsable de proyectos y programas en ECOTOP Suisse desde 2022.<\/div>\n<\/div>\n<p><a class=\"etm-cardlink\" href=\"\/es\/personal\/nikolas-haller\/\" aria-label=\"Nikolas Haller\"><\/a><\/div>\n<div class=\"etm-card\">\n<div class=\"etm-photowrap\"><img decoding=\"async\" class=\"etm-photo\" src=\"https:\/\/ecotop.org\/wp-content\/uploads\/2023\/04\/Wastelino-Profilbild.jpg\" alt=\"Bastian Dreher Pellhammer\" loading=\"lazy\"><\/div>\n<div class=\"etm-body\">\n<div class=\"etm-name\">Bastian Dreher Pellhammer<\/div>\n<div class=\"etm-role\">Coordinador de pa\u00edses angl\u00f3fonos \u00b7 \u00c1frica<\/div>\n<div class=\"etm-blurb\">Consultor s\u00e9nior con una dilatada experiencia en proyectos forestales y agroforestales en \u00c1frica y Am\u00e9rica Latina.<\/div>\n<\/div>\n<p><a class=\"etm-cardlink\" href=\"\/es\/personal\/bastian-dreher\/\" aria-label=\"Bastian Dreher Pellhammer\"><\/a><\/div>\n<\/div>\n<div class=\"etm-sub\">Equipo s\u00e9nior<\/div>\n<div class=\"etm-grid etm-senior\">\n<div class=\"etm-card\">\n<div class=\"etm-photowrap\"><img decoding=\"async\" class=\"etm-photo\" src=\"https:\/\/ecotop.org\/wp-content\/uploads\/2024\/05\/Scientific-Coordinator.jpg\" alt=\"Luc\u00eda Descarpontriez Rojas\" loading=\"lazy\"><\/div>\n<div class=\"etm-body\">\n<div class=\"etm-name\">Luc\u00eda Descarpontriez Rojas<\/div>\n<div class=\"etm-role\">Coordinador cient\u00edfico<\/div>\n<\/div>\n<p><a class=\"etm-cardlink\" href=\"\/es\/personal\/lucia-descarpontriez-rojas\/\" aria-label=\"Luc\u00eda Descarpontriez Rojas\"><\/a><\/div>\n<div class=\"etm-card\">\n<div class=\"etm-photowrap\"><img decoding=\"async\" class=\"etm-photo\" src=\"https:\/\/ecotop.org\/wp-content\/uploads\/2023\/10\/Dr.-Antonio-Lopez-Montes.png\" alt=\"Dr. Antonio L\u00f3pez Montes\" loading=\"lazy\"><\/div>\n<div class=\"etm-body\">\n<div class=\"etm-name\">Dr. Antonio L\u00f3pez Montes<\/div>\n<div class=\"etm-role\">Consultor principal<\/div>\n<\/div>\n<p><a class=\"etm-cardlink\" href=\"\/es\/personal\/dr-antonio-lopez-montes\/\" aria-label=\"Dr. Antonio L\u00f3pez Montes\"><\/a><\/div>\n<div class=\"etm-card\">\n<div class=\"etm-photowrap\"><img decoding=\"async\" class=\"etm-photo\" src=\"https:\/\/ecotop.org\/wp-content\/uploads\/2023\/04\/Walter-Yana-Cuaker.jpg\" alt=\"Walter Yana Cuaker\" loading=\"lazy\"><\/div>\n<div class=\"etm-body\">\n<div class=\"etm-name\">Walter Yana Cuaker<\/div>\n<div class=\"etm-role\">Consultor principal<\/div>\n<\/div>\n<p><a class=\"etm-cardlink\" href=\"\/es\/personal\/walter-yana-cuaker\/\" aria-label=\"Walter Yana Cuaker\"><\/a><\/div>\n<div class=\"etm-card\">\n<div class=\"etm-photowrap\"><img decoding=\"async\" class=\"etm-photo\" src=\"https:\/\/ecotop.org\/wp-content\/uploads\/2023\/06\/philippe01.jpg\" alt=\"Phillippe Brou\" loading=\"lazy\"><\/div>\n<div class=\"etm-body\">\n<div class=\"etm-name\">Phillippe Brou<\/div>\n<div class=\"etm-role\">Consultor s\u00e9nior \u00b7 Franc\u00f3fono<\/div>\n<\/div>\n<p><a class=\"etm-cardlink\" href=\"\/es\/personal\/phillippe-brou\/\" aria-label=\"Phillippe Brou\"><\/a><\/div>\n<div class=\"etm-card\">\n<div class=\"etm-photowrap\"><img decoding=\"async\" class=\"etm-photo\" src=\"https:\/\/ecotop.org\/wp-content\/uploads\/2023\/04\/Fortunato-Velasquez-Marca.jpg\" alt=\"Fortunato Vel\u00e1squez\" loading=\"lazy\"><\/div>\n<div class=\"etm-body\">\n<div class=\"etm-name\">Fortunato Vel\u00e1squez<\/div>\n<div class=\"etm-role\">Consultor principal<\/div>\n<\/div>\n<p><a class=\"etm-cardlink\" href=\"\/es\/personal\/fortunato-velasquez-2\/\" aria-label=\"Fortunato Vel\u00e1squez\"><\/a><\/div>\n<div class=\"etm-card\">\n<div class=\"etm-photowrap\"><img decoding=\"async\" class=\"etm-photo\" src=\"https:\/\/ecotop.org\/wp-content\/uploads\/2023\/04\/sqimg_85900570.jpg\" alt=\"Renke de Vries\" loading=\"lazy\"><\/div>\n<div class=\"etm-body\">\n<div class=\"etm-name\">Renke de Vries<\/div>\n<div class=\"etm-role\">Consultor principal<\/div>\n<\/div>\n<p><a class=\"etm-cardlink\" href=\"\/es\/personal\/renke-de-vries\/\" aria-label=\"Renke de Vries\"><\/a><\/div>\n<div class=\"etm-card\">\n<div class=\"etm-photowrap\"><img decoding=\"async\" class=\"etm-photo\" src=\"https:\/\/ecotop.org\/wp-content\/uploads\/2023\/04\/steven_01.jpg\" alt=\"Steven Werner\" loading=\"lazy\"><\/div>\n<div class=\"etm-body\">\n<div class=\"etm-name\">Steven Werner<\/div>\n<div class=\"etm-role\">Consultor internacional s\u00e9nior \u00b7 Franc\u00f3fono<\/div>\n<\/div>\n<p><a class=\"etm-cardlink\" href=\"\/es\/personal\/steven-werner\/\" aria-label=\"Steven Werner\"><\/a><\/div>\n<\/div>\n<div class=\"etm-sub\">Equipo y campo<\/div>\n<div class=\"etm-grid etm-compact\">\n<div class=\"etm-card\">\n<div class=\"etm-photowrap\"><img decoding=\"async\" class=\"etm-photo\" src=\"https:\/\/ecotop.org\/wp-content\/uploads\/2023\/06\/yessenia-001.jpg\" alt=\"Yessenia M. Ib\u00e1\u00f1ez Apaza\" loading=\"lazy\"><\/div>\n<div class=\"etm-body\">\n<div class=\"etm-name\">Yessenia M. Ib\u00e1\u00f1ez Apaza<\/div>\n<div class=\"etm-role\">Consultor regional<\/div>\n<\/div>\n<p><a class=\"etm-cardlink\" href=\"\/es\/personal\/yessenia-m-ibanez-apaza\/\" aria-label=\"Yessenia M. Ib\u00e1\u00f1ez Apaza\"><\/a><\/div>\n<div class=\"etm-card\">\n<div class=\"etm-photowrap\"><img decoding=\"async\" class=\"etm-photo\" src=\"https:\/\/ecotop.org\/wp-content\/uploads\/2023\/06\/square-image.jpg\" alt=\"Nepomuk Buttenberg\" loading=\"lazy\"><\/div>\n<div class=\"etm-body\">\n<div class=\"etm-name\">Nepomuk Buttenberg<\/div>\n<div class=\"etm-role\">Consultor \u00b7 Proyectos agroforestales en Europa<\/div>\n<\/div>\n<p><a class=\"etm-cardlink\" href=\"\/es\/personal\/ana-maria-limachi-coaquira\/\" aria-label=\"Nepomuk Buttenberg\"><\/a><\/div>\n<div class=\"etm-card\">\n<div class=\"etm-photowrap\"><img decoding=\"async\" class=\"etm-photo\" src=\"https:\/\/ecotop.org\/wp-content\/uploads\/2023\/06\/samuel-sutherlan-01.jpg\" alt=\"Samuel Sutherland\" loading=\"lazy\"><\/div>\n<div class=\"etm-body\">\n<div class=\"etm-name\">Samuel Sutherland<\/div>\n<div class=\"etm-role\">Consultor junior<\/div>\n<\/div>\n<p><a class=\"etm-cardlink\" href=\"\/es\/personal\/samuel-sutherland\/\" aria-label=\"Samuel Sutherland\"><\/a><\/div>\n<div class=\"etm-card\">\n<div class=\"etm-photowrap\"><img decoding=\"async\" class=\"etm-photo\" src=\"https:\/\/ecotop.org\/wp-content\/uploads\/2023\/04\/1677737655819.jpeg\" alt=\"Sarah M\u00e9gnint\" loading=\"lazy\"><\/div>\n<div class=\"etm-body\">\n<div class=\"etm-name\">Sarah M\u00e9gnint<\/div>\n<div class=\"etm-role\">Responsable adjunto de programas \u00b7 \u00c1frica franc\u00f3fona<\/div>\n<\/div>\n<p><a class=\"etm-cardlink\" href=\"\/es\/personal\/viki-villka\/\" aria-label=\"Sarah M\u00e9gnint\"><\/a><\/div>\n<div class=\"etm-card\">\n<div class=\"etm-photowrap\"><img decoding=\"async\" class=\"etm-photo\" src=\"https:\/\/ecotop.org\/wp-content\/uploads\/2023\/04\/patrick.jpg\" alt=\"Patrick Joller\" loading=\"lazy\"><\/div>\n<div class=\"etm-body\">\n<div class=\"etm-name\">Patrick Joller<\/div>\n<div class=\"etm-role\">Consultor internacional junior<\/div>\n<\/div>\n<p><a class=\"etm-cardlink\" href=\"\/es\/personal\/patrick-joller\/\" aria-label=\"Patrick Joller\"><\/a><\/div>\n<div class=\"etm-card\">\n<div class=\"etm-photowrap\"><img decoding=\"async\" class=\"etm-photo\" src=\"https:\/\/ecotop.org\/wp-content\/uploads\/2023\/06\/sqimg_71250666.jpg\" alt=\"David Tsofnas\" loading=\"lazy\"><\/div>\n<div class=\"etm-body\">\n<div class=\"etm-name\">David Tsofnas<\/div>\n<div class=\"etm-role\">Consultor junior en materia clim\u00e1tica<\/div>\n<\/div>\n<p><a class=\"etm-cardlink\" href=\"\/es\/personal\/david-tsofnas\/\" aria-label=\"David Tsofnas\"><\/a><\/div>\n<div class=\"etm-card\">\n<div class=\"etm-photowrap\"><img decoding=\"async\" class=\"etm-photo\" src=\"https:\/\/ecotop.org\/wp-content\/uploads\/2023\/04\/sqimg_89635114.jpg\" alt=\"Nabila Budiaki\" loading=\"lazy\"><\/div>\n<div class=\"etm-body\">\n<div class=\"etm-name\">Nabila Budiaki<\/div>\n<div class=\"etm-role\">Apoyo a proyectos y contabilidad de carbono y emisiones<\/div>\n<\/div>\n<p><a class=\"etm-cardlink\" href=\"\/es\/personal\/nabila-budiaki\/\" aria-label=\"Nabila Budiaki\"><\/a><\/div>\n<div class=\"etm-card\">\n<div class=\"etm-photowrap\"><img decoding=\"async\" class=\"etm-photo\" src=\"https:\/\/ecotop.org\/wp-content\/uploads\/2023\/04\/square-image-3.jpg\" alt=\"Daniel Quispe Chura\" loading=\"lazy\"><\/div>\n<div class=\"etm-body\">\n<div class=\"etm-name\">Daniel Quispe Chura<\/div>\n<div class=\"etm-role\">T\u00e9cnico de campo<\/div>\n<\/div>\n<p><a class=\"etm-cardlink\" href=\"\/es\/personal\/daniel-quispe-chura\/\" aria-label=\"Daniel Quispe Chura\"><\/a><\/div>\n<div class=\"etm-card\">\n<div class=\"etm-photowrap\"><img decoding=\"async\" class=\"etm-photo\" src=\"https:\/\/ecotop.org\/wp-content\/uploads\/2023\/04\/marcos-suca-01.jpg\" alt=\"Marcos Suca\" loading=\"lazy\"><\/div>\n<div class=\"etm-body\">\n<div class=\"etm-name\">Marcos Suca<\/div>\n<div class=\"etm-role\">T\u00e9cnico de campo<\/div>\n<\/div>\n<p><a class=\"etm-cardlink\" href=\"\/es\/personal\/marcos-suca\/\" aria-label=\"Marcos Suca\"><\/a><\/div>\n<div class=\"etm-card\">\n<div class=\"etm-photowrap\"><img decoding=\"async\" class=\"etm-photo\" src=\"https:\/\/ecotop.org\/wp-content\/uploads\/2023\/04\/Gemini_Generated_Image_oc7s16oc7s16oc7s.png\" alt=\"Em\u00e9rita Cami\u00f1o B.\" loading=\"lazy\"><\/div>\n<div class=\"etm-body\">\n<div class=\"etm-name\">Em\u00e9rita Cami\u00f1o B.<\/div>\n<div class=\"etm-role\">Consultor, Alto Beni<\/div>\n<\/div>\n<p><a class=\"etm-cardlink\" href=\"\/es\/personal\/emerita-camino-b\/\" aria-label=\"Em\u00e9rita Cami\u00f1o B.\"><\/a><\/div>\n<div class=\"etm-card\">\n<div class=\"etm-photowrap\"><img decoding=\"async\" class=\"etm-photo\" src=\"https:\/\/ecotop.org\/wp-content\/uploads\/2023\/04\/square-image-2.jpg\" alt=\"Benjamin Mamani\" loading=\"lazy\"><\/div>\n<div class=\"etm-body\">\n<div class=\"etm-name\">Benjamin Mamani<\/div>\n<div class=\"etm-role\">T\u00e9cnico de campo<\/div>\n<\/div>\n<p><a class=\"etm-cardlink\" href=\"\/es\/personal\/benjamin-mamani\/\" aria-label=\"Benjamin Mamani\"><\/a><\/div>\n<\/div>\n<\/section>\n<section id=\"etm-foundation\" class=\"etm-section\">\n<div class=\"etm-sechead etm-f\">\n<div>\n<h2>Fundaci\u00f3n ECOTOP<\/h2>\n<div class=\"etm-desc\">La fundaci\u00f3n sin \u00e1nimo de lucro que impulsa la misi\u00f3n de ECOTOP: consejo de administraci\u00f3n, direcci\u00f3n, coordinadores y equipos sobre el terreno.<\/div>\n<\/div>\n<p><span class=\"etm-count\">28 personas<\/span><\/div>\n<div class=\"etm-sub\">Consejo de Administraci\u00f3n y Direcci\u00f3n<\/div>\n<div class=\"etm-grid etm-lead\">\n<div class=\"etm-card\">\n<div class=\"etm-photowrap\"><img decoding=\"async\" class=\"etm-photo\" src=\"https:\/\/ecotop.org\/wp-content\/uploads\/2016\/05\/joachim.jpg\" alt=\"Dr. Joachim Milz\" loading=\"lazy\"><\/div>\n<div class=\"etm-body\">\n<div class=\"etm-name\">Dr. Joachim Milz<\/div>\n<div class=\"etm-role\">Presidente de la Fundaci\u00f3n ECOTOP<\/div>\n<div class=\"etm-blurb\">Agricultor y cient\u00edfico con m\u00e1s de 40 a\u00f1os de experiencia; pionero de la agroforester\u00eda din\u00e1mica a trav\u00e9s de ECOTOP.<\/div>\n<\/div>\n<p><a class=\"etm-cardlink\" href=\"\/es\/personal\/joachim-milz\/\" aria-label=\"Dr. Joachim Milz\"><\/a><\/div>\n<div class=\"etm-card\">\n<div class=\"etm-photowrap\"><img decoding=\"async\" class=\"etm-photo\" src=\"https:\/\/ecotop.org\/wp-content\/uploads\/2023\/04\/sqimg_33251440.jpg\" alt=\"Johannes Milz\" loading=\"lazy\"><\/div>\n<div class=\"etm-body\">\n<div class=\"etm-name\">Johannes Milz<\/div>\n<div class=\"etm-role\">Miembro del Consejo de la Fundaci\u00f3n ECOTOP<\/div>\n<div class=\"etm-blurb\">Ingeniero agr\u00f3nomo (M\u00e1ster en Ciencias, Wageningen) especializado en agricultura sostenible y la captura de carbono mediante sistemas agroforestales.<\/div>\n<\/div>\n<p><a class=\"etm-cardlink\" href=\"\/es\/personal\/johannes-milz-2\/\" aria-label=\"Johannes Milz\"><\/a><\/div>\n<div class=\"etm-card\">\n<div class=\"etm-photowrap\"><img decoding=\"async\" class=\"etm-photo\" src=\"https:\/\/ecotop.org\/wp-content\/uploads\/2023\/04\/sqimg_1779455503364.jpg\" alt=\"Dr. Horacio Augstburger\" loading=\"lazy\"><\/div>\n<div class=\"etm-body\">\n<div class=\"etm-name\">Dr. Horacio Augstburger<\/div>\n<div class=\"etm-role\">Miembro del Consejo de Administraci\u00f3n<\/div>\n<div class=\"etm-blurb\">Cient\u00edfico medioambiental y especialista en sistemas alimentarios sostenibles afincado en Cochabamba, Bolivia.<\/div>\n<\/div>\n<p><a class=\"etm-cardlink\" href=\"\/es\/personal\/horacio-augstburger-doctor\/\" aria-label=\"Dr. Horacio Augstburger\"><\/a><\/div>\n<div class=\"etm-card\">\n<div class=\"etm-photowrap\"><img decoding=\"async\" class=\"etm-photo\" src=\"https:\/\/ecotop.org\/wp-content\/uploads\/2023\/04\/Pasted-Graphic-3.png\" alt=\"Luis Franck Canedo\" loading=\"lazy\"><\/div>\n<div class=\"etm-body\">\n<div class=\"etm-name\">Luis Franck Canedo<\/div>\n<div class=\"etm-role\">Director ejecutivo<\/div>\n<div class=\"etm-blurb\">Directivo s\u00e9nior en el \u00e1mbito financiero y administrativo.<\/div>\n<\/div>\n<p><a class=\"etm-cardlink\" href=\"\/es\/personal\/luis-franck-canedo\/\" aria-label=\"Luis Franck Canedo\"><\/a><\/div>\n<div class=\"etm-card\">\n<div class=\"etm-photowrap\"><img decoding=\"async\" class=\"etm-photo\" src=\"https:\/\/ecotop.org\/wp-content\/uploads\/2023\/04\/sqimg_53599350.jpg\" alt=\"Soledad Enr\u00edquez Orellana\" loading=\"lazy\"><\/div>\n<div class=\"etm-body\">\n<div class=\"etm-name\">Soledad Enr\u00edquez Orellana<\/div>\n<div class=\"etm-role\">Jefe de Operaciones<\/div>\n<div class=\"etm-blurb\">Dirige las operaciones diarias de la Fundaci\u00f3n ECOTOP.<\/div>\n<\/div>\n<p><a class=\"etm-cardlink\" href=\"\/es\/personal\/soledad-enriquez-orellana\/\" aria-label=\"Soledad Enr\u00edquez Orellana\"><\/a><\/div>\n<\/div>\n<div class=\"etm-sub\">Equipo s\u00e9nior<\/div>\n<div class=\"etm-grid etm-senior\">\n<div class=\"etm-card\">\n<div class=\"etm-photowrap\"><img decoding=\"async\" class=\"etm-photo\" src=\"https:\/\/ecotop.org\/wp-content\/uploads\/2024\/05\/Scientific-Coordinator.jpg\" alt=\"Luc\u00eda Descarpontriez Rojas\" loading=\"lazy\"><\/div>\n<div class=\"etm-body\">\n<div class=\"etm-name\">Luc\u00eda Descarpontriez Rojas<\/div>\n<div class=\"etm-role\">Coordinador cient\u00edfico<\/div>\n<\/div>\n<p><a class=\"etm-cardlink\" href=\"\/es\/personal\/lucia-descarpontriez-rojas\/\" aria-label=\"Luc\u00eda Descarpontriez Rojas\"><\/a><\/div>\n<div class=\"etm-card\">\n<div class=\"etm-photowrap\"><img decoding=\"async\" class=\"etm-photo\" src=\"https:\/\/ecotop.org\/wp-content\/uploads\/2023\/04\/Fortunato-Velasquez-Marca.jpg\" alt=\"Fortunato Vel\u00e1squez\" loading=\"lazy\"><\/div>\n<div class=\"etm-body\">\n<div class=\"etm-name\">Fortunato Vel\u00e1squez<\/div>\n<div class=\"etm-role\">Coordinador del proyecto de Misereor<\/div>\n<\/div>\n<p><a class=\"etm-cardlink\" href=\"\/es\/personal\/fortunato-velasquez-2\/\" aria-label=\"Fortunato Vel\u00e1squez\"><\/a><\/div>\n<div class=\"etm-card\">\n<div class=\"etm-photowrap\"><img decoding=\"async\" class=\"etm-photo\" src=\"https:\/\/ecotop.org\/wp-content\/uploads\/2023\/04\/Walter-Yana-Cuaker.jpg\" alt=\"Walter Yana Cuaker\" loading=\"lazy\"><\/div>\n<div class=\"etm-body\">\n<div class=\"etm-name\">Walter Yana Cuaker<\/div>\n<div class=\"etm-role\">Consultor principal<\/div>\n<\/div>\n<p><a class=\"etm-cardlink\" href=\"\/es\/personal\/walter-yana-cuaker\/\" aria-label=\"Walter Yana Cuaker\"><\/a><\/div>\n<div class=\"etm-card\">\n<div class=\"etm-photowrap\"><img decoding=\"async\" class=\"etm-photo\" src=\"https:\/\/ecotop.org\/wp-content\/uploads\/2023\/04\/consuelo.jpg\" alt=\"Consuelo Campos V.\" loading=\"lazy\"><\/div>\n<div class=\"etm-body\">\n<div class=\"etm-name\">Consuelo Campos V.<\/div>\n<div class=\"etm-role\">Asesor cient\u00edfico<\/div>\n<\/div>\n<p><a class=\"etm-cardlink\" href=\"\/es\/personal\/consuelo-campos-v-2\/\" aria-label=\"Consuelo Campos V.\"><\/a><\/div>\n<div class=\"etm-card\">\n<div class=\"etm-photowrap\"><img decoding=\"async\" class=\"etm-photo\" src=\"https:\/\/ecotop.org\/wp-content\/uploads\/2024\/05\/sqimg_77553347.jpg\" alt=\"Carmen Michelle Guerra Rivas\" loading=\"lazy\"><\/div>\n<div class=\"etm-body\">\n<div class=\"etm-name\">Carmen Michelle Guerra Rivas<\/div>\n<div class=\"etm-role\">Coordinador de proyectos<\/div>\n<\/div>\n<p><a class=\"etm-cardlink\" href=\"\/es\/personal\/carmen-michelle-guerra-rivas\/\" aria-label=\"Carmen Michelle Guerra Rivas\"><\/a><\/div>\n<div class=\"etm-card\">\n<div class=\"etm-photowrap\"><img decoding=\"async\" class=\"etm-photo\" src=\"https:\/\/ecotop.org\/wp-content\/uploads\/2023\/04\/sqimg_60723710.jpg\" alt=\"Jos\u00e9 Maldonado\" loading=\"lazy\"><\/div>\n<div class=\"etm-body\">\n<div class=\"etm-name\">Jos\u00e9 Maldonado<\/div>\n<div class=\"etm-role\">Coordinador de proyectos<\/div>\n<\/div>\n<p><a class=\"etm-cardlink\" href=\"\/es\/personal\/jose-maldonado\/\" aria-label=\"Jos\u00e9 Maldonado\"><\/a><\/div>\n<div class=\"etm-card\">\n<div class=\"etm-photowrap\"><img decoding=\"async\" class=\"etm-photo\" src=\"https:\/\/ecotop.org\/wp-content\/uploads\/2023\/04\/Julio-Cesar-Ticona-Avalos.jpg\" alt=\"Julio Ticona\" loading=\"lazy\"><\/div>\n<div class=\"etm-body\">\n<div class=\"etm-name\">Julio Ticona<\/div>\n<div class=\"etm-role\">Responsable de Agronom\u00eda \u00b7 Sara Ana<\/div>\n<\/div>\n<p><a class=\"etm-cardlink\" href=\"\/es\/personal\/julio-ticona\/\" aria-label=\"Julio Ticona\"><\/a><\/div>\n<\/div>\n<div class=\"etm-sub\">Equipo y campo<\/div>\n<div class=\"etm-grid etm-compact\">\n<div class=\"etm-card\">\n<div class=\"etm-photowrap\"><img decoding=\"async\" class=\"etm-photo\" src=\"https:\/\/ecotop.org\/wp-content\/uploads\/2023\/06\/yessenia-001.jpg\" alt=\"Yessenia M. Ib\u00e1\u00f1ez Apaza\" loading=\"lazy\"><\/div>\n<div class=\"etm-body\">\n<div class=\"etm-name\">Yessenia M. Ib\u00e1\u00f1ez Apaza<\/div>\n<div class=\"etm-role\">Consultor regional<\/div>\n<\/div>\n<p><a class=\"etm-cardlink\" href=\"\/es\/personal\/yessenia-m-ibanez-apaza\/\" aria-label=\"Yessenia M. Ib\u00e1\u00f1ez Apaza\"><\/a><\/div>\n<div class=\"etm-card\">\n<div class=\"etm-photowrap\"><img decoding=\"async\" class=\"etm-photo\" src=\"https:\/\/ecotop.org\/wp-content\/uploads\/2023\/04\/square-image-3.jpg\" alt=\"Daniel Quispe Chura\" loading=\"lazy\"><\/div>\n<div class=\"etm-body\">\n<div class=\"etm-name\">Daniel Quispe Chura<\/div>\n<div class=\"etm-role\">T\u00e9cnico de campo<\/div>\n<\/div>\n<p><a class=\"etm-cardlink\" href=\"\/es\/personal\/daniel-quispe-chura\/\" aria-label=\"Daniel Quispe Chura\"><\/a><\/div>\n<div class=\"etm-card\">\n<div class=\"etm-photowrap\"><img decoding=\"async\" class=\"etm-photo\" src=\"https:\/\/ecotop.org\/wp-content\/uploads\/2023\/04\/marcos-suca-01.jpg\" alt=\"Marcos Suca\" loading=\"lazy\"><\/div>\n<div class=\"etm-body\">\n<div class=\"etm-name\">Marcos Suca<\/div>\n<div class=\"etm-role\">T\u00e9cnico de campo<\/div>\n<\/div>\n<p><a class=\"etm-cardlink\" href=\"\/es\/personal\/marcos-suca\/\" aria-label=\"Marcos Suca\"><\/a><\/div>\n<div class=\"etm-card\">\n<div class=\"etm-photowrap\"><img decoding=\"async\" class=\"etm-photo\" src=\"https:\/\/ecotop.org\/wp-content\/uploads\/2023\/04\/virginia-paye-01.jpg\" alt=\"Virginia Paye\" loading=\"lazy\"><\/div>\n<div class=\"etm-body\">\n<div class=\"etm-name\">Virginia Paye<\/div>\n<div class=\"etm-role\">Consultor junior<\/div>\n<\/div>\n<p><a class=\"etm-cardlink\" href=\"\/es\/personal\/virginia-paye\/\" aria-label=\"Virginia Paye\"><\/a><\/div>\n<div class=\"etm-card\">\n<div class=\"etm-photowrap\"><img decoding=\"async\" class=\"etm-photo\" src=\"https:\/\/ecotop.org\/wp-content\/uploads\/2023\/04\/square-image-2.jpg\" alt=\"Benjamin Mamani\" loading=\"lazy\"><\/div>\n<div class=\"etm-body\">\n<div class=\"etm-name\">Benjamin Mamani<\/div>\n<div class=\"etm-role\">T\u00e9cnico de campo<\/div>\n<\/div>\n<p><a class=\"etm-cardlink\" href=\"\/es\/personal\/benjamin-mamani\/\" aria-label=\"Benjamin Mamani\"><\/a><\/div>\n<div class=\"etm-card\">\n<div class=\"etm-photowrap\"><img decoding=\"async\" class=\"etm-photo\" src=\"https:\/\/ecotop.org\/wp-content\/uploads\/2023\/04\/profile1.jpg\" alt=\"Ronald Vladimir Ochoa Calle\" loading=\"lazy\"><\/div>\n<div class=\"etm-body\">\n<div class=\"etm-name\">Ronald Vladimir Ochoa Calle<\/div>\n<div class=\"etm-role\">T\u00e9cnico, Alto Beni<\/div>\n<\/div>\n<p><a class=\"etm-cardlink\" href=\"\/es\/personal\/ronald-vladimir-ochoa-calle\/\" aria-label=\"Ronald Vladimir Ochoa Calle\"><\/a><\/div>\n<div class=\"etm-card\">\n<div class=\"etm-photowrap\"><img decoding=\"async\" class=\"etm-photo\" src=\"https:\/\/ecotop.org\/wp-content\/uploads\/2023\/04\/2Vilma-Mamani-Cordero.jpg\" alt=\"Vilma Mamani\" loading=\"lazy\"><\/div>\n<div class=\"etm-body\">\n<div class=\"etm-name\">Vilma Mamani<\/div>\n<div class=\"etm-role\">Contabilidad<\/div>\n<\/div>\n<p><a class=\"etm-cardlink\" href=\"\/es\/personal\/vilma-mamani\/\" aria-label=\"Vilma Mamani\"><\/a><\/div>\n<div class=\"etm-card\">\n<div class=\"etm-photowrap\"><img decoding=\"async\" class=\"etm-photo\" src=\"https:\/\/ecotop.org\/wp-content\/uploads\/2023\/04\/profile1.jpg\" alt=\"Rub\u00e9n Quispe Tipa\" loading=\"lazy\"><\/div>\n<div class=\"etm-body\">\n<div class=\"etm-name\">Rub\u00e9n Quispe Tipa<\/div>\n<div class=\"etm-role\">T\u00e9cnico, Alto Beni<\/div>\n<\/div>\n<p><a class=\"etm-cardlink\" href=\"\/es\/personal\/ruben-quispe-tipa\/\" aria-label=\"Rub\u00e9n Quispe Tipa\"><\/a><\/div>\n<div class=\"etm-card\">\n<div class=\"etm-photowrap\"><img decoding=\"async\" class=\"etm-photo\" src=\"https:\/\/ecotop.org\/wp-content\/uploads\/2023\/04\/square-image-1.jpg\" alt=\"Ernesto Yana\" loading=\"lazy\"><\/div>\n<div class=\"etm-body\">\n<div class=\"etm-name\">Ernesto Yana<\/div>\n<div class=\"etm-role\">T\u00e9cnico de campo<\/div>\n<\/div>\n<p><a class=\"etm-cardlink\" href=\"\/es\/personal\/edgar-pinaya-luna\/\" aria-label=\"Ernesto Yana\"><\/a><\/div>\n<div class=\"etm-card\">\n<div class=\"etm-photowrap\"><img decoding=\"async\" class=\"etm-photo\" src=\"https:\/\/ecotop.org\/wp-content\/uploads\/2023\/06\/irene-conde-01.jpg\" alt=\"Irene Conde\" loading=\"lazy\"><\/div>\n<div class=\"etm-body\">\n<div class=\"etm-name\">Irene Conde<\/div>\n<div class=\"etm-role\">Auxiliar de contabilidad<\/div>\n<\/div>\n<p><a class=\"etm-cardlink\" href=\"\/es\/personal\/irene-conde\/\" aria-label=\"Irene Conde\"><\/a><\/div>\n<div class=\"etm-card\">\n<div class=\"etm-photowrap\"><img decoding=\"async\" class=\"etm-photo\" src=\"https:\/\/ecotop.org\/wp-content\/uploads\/2023\/04\/profile1.jpg\" alt=\"V\u00edctor Hugo Inofuentes Otoya\" loading=\"lazy\"><\/div>\n<div class=\"etm-body\">\n<div class=\"etm-name\">V\u00edctor Hugo Inofuentes Otoya<\/div>\n<div class=\"etm-role\">T\u00e9cnico, Alto Beni<\/div>\n<\/div>\n<p><a class=\"etm-cardlink\" href=\"\/es\/personal\/victor-hugo-inofuentes-otoya\/\" aria-label=\"V\u00edctor Hugo Inofuentes Otoya\"><\/a><\/div>\n<div class=\"etm-card\">\n<div class=\"etm-photowrap\"><img decoding=\"async\" class=\"etm-photo\" src=\"https:\/\/ecotop.org\/wp-content\/uploads\/2023\/04\/Elver-Mamani.jpg\" alt=\"Elver Mamani\" loading=\"lazy\"><\/div>\n<div class=\"etm-body\">\n<div class=\"etm-name\">Elver Mamani<\/div>\n<div class=\"etm-role\">Sara Ana Operadora<\/div>\n<\/div>\n<p><a class=\"etm-cardlink\" href=\"\/es\/personal\/elver-mamani\/\" aria-label=\"Elver Mamani\"><\/a><\/div>\n<div class=\"etm-card\">\n<div class=\"etm-photowrap\"><img decoding=\"async\" class=\"etm-photo\" src=\"https:\/\/ecotop.org\/wp-content\/uploads\/2023\/04\/Gemini_Generated_Image_oc7s16oc7s16oc7s.png\" alt=\"Em\u00e9rita Cami\u00f1o B.\" loading=\"lazy\"><\/div>\n<div class=\"etm-body\">\n<div class=\"etm-name\">Em\u00e9rita Cami\u00f1o B.<\/div>\n<div class=\"etm-role\">Consultor, Alto Beni<\/div>\n<\/div>\n<p><a class=\"etm-cardlink\" href=\"\/es\/personal\/emerita-camino-b\/\" aria-label=\"Em\u00e9rita Cami\u00f1o B.\"><\/a><\/div>\n<div class=\"etm-card\">\n<div class=\"etm-photowrap\"><img decoding=\"async\" class=\"etm-photo\" src=\"https:\/\/ecotop.org\/wp-content\/uploads\/2023\/04\/Ivan-Chita-Suri.jpg\" alt=\"Ivan Chita\" loading=\"lazy\"><\/div>\n<div class=\"etm-body\">\n<div class=\"etm-name\">Ivan Chita<\/div>\n<div class=\"etm-role\">Sara Ana Operadora<\/div>\n<\/div>\n<p><a class=\"etm-cardlink\" href=\"\/es\/personal\/ivan-chita\/\" aria-label=\"Ivan Chita\"><\/a><\/div>\n<div class=\"etm-card\">\n<div class=\"etm-photowrap\"><img decoding=\"async\" class=\"etm-photo\" src=\"https:\/\/ecotop.org\/wp-content\/uploads\/2023\/04\/Celso-Abran-Blanco-Barra.jpg\" alt=\"Celso Abran Blanco Barra\" loading=\"lazy\"><\/div>\n<div class=\"etm-body\">\n<div class=\"etm-name\">Celso Abran Blanco Barra<\/div>\n<div class=\"etm-role\">Sara Ana Operadora<\/div>\n<\/div>\n<p><a class=\"etm-cardlink\" href=\"\/es\/personal\/celso-abran-blanco-barra\/\" aria-label=\"Celso Abran Blanco Barra\"><\/a><\/div>\n<div class=\"etm-card\">\n<div class=\"etm-photowrap\"><img decoding=\"async\" class=\"etm-photo\" src=\"https:\/\/ecotop.org\/wp-content\/uploads\/2023\/04\/Julieta-Garcia-Portugal.jpg\" alt=\"Julieta Garc\u00eda\" loading=\"lazy\"><\/div>\n<div class=\"etm-body\">\n<div class=\"etm-name\">Julieta Garc\u00eda<\/div>\n<div class=\"etm-role\">Sara Ana Operadora<\/div>\n<\/div>\n<p><a class=\"etm-cardlink\" href=\"\/es\/personal\/julieta-garcia\/\" aria-label=\"Julieta Garc\u00eda\"><\/a><\/div>\n<\/div>\n<\/section>\n<\/div>\n<style>\/* team hero: text left, portrait cluster right *\/.infinite-page-title-wrap .infinite-page-title-content{padding-top:64px!important;padding-bottom:60px!important;text-align:center}.etm-hero-text h1,.etm-hero-text .infinite-page-caption{text-align:center!important}.etm-hero-text{min-width:0}.etm-hero-text h1{margin-bottom:8px!important}.etm-hero-lead{color:rgba(255,255,255,.92)!important;font-size:17px!important;line-height:1.65;max-width:700px;margin:18px auto 0!important;text-align:center}.etm-hero-jump{display:flex;gap:10px;flex-wrap:wrap;justify-content:center;margin:26px 0 0!important;padding:0!important;border:0!important}.etm-hero-jump a{display:inline-flex;align-items:center;gap:8px;padding:9px 18px;border:1px solid rgba(255,255,255,.55)!important;border-radius:999px;text-decoration:none;color:#fff!important;background:rgba(255,255,255,.12);font-weight:700;font-size:14px}.etm-hero-jump a:hover{background:rgba(255,255,255,.24)}.etm-hero-jump .d{width:10px;height:10px;border-radius:50%}.etm-hero-jump .d.s{background:#fff!important}.etm-hero-jump .d.f{background:#c8d43a!important}.etm .etm-section:first-of-type{margin-top:48px!important}@media(max-width:900px){.infinite-page-title-wrap .infinite-page-title-content{padding-top:52px!important;padding-bottom:48px!important}.etm-hero-lead{font-size:15.5px!important}}<\/style>\n<p><script>(function(){var c=document.querySelector(\".infinite-page-title-content\");var l=document.querySelector(\".etm-lead-in\");var j=document.querySelector(\".etm-jump\");if(!c||!l||!j){return;}var t=document.createElement(\"div\");t.className=\"etm-hero-text\";while(c.firstChild){t.appendChild(c.firstChild);}l.classList.add(\"etm-hero-lead\");j.classList.add(\"etm-hero-jump\");t.appendChild(l);t.appendChild(j);c.appendChild(t);})();<\/script><\/p>","protected":false},"excerpt":{"rendered":"<p>Agronomists, field technicians, coordinators and consultants. Meet the people behind ECOTOP\u2019s work, organised across ECOTOP Suisse and the ECOTOP Foundation. ECOTOP SuisseECOTOP Foundation ECOTOP Suisse The consulting and implementation arm [&hellip;]<\/p>\n","protected":false},"author":2,"featured_media":0,"parent":0,"menu_order":0,"comment_status":"closed","ping_status":"closed","template":"","meta":{"footnotes":""},"class_list":["post-8302","page","type-page","status-publish","hentry"],"yoast_head":"<!-- This site is optimized with the Yoast SEO plugin v27.2 - https:\/\/yoast.com\/product\/yoast-seo-wordpress\/ -->\n<title>Our Team - ECOTOP<\/title>\n<meta name=\"robots\" content=\"index, follow, max-snippet:-1, max-image-preview:large, max-video-preview:-1\" \/>\n<link rel=\"canonical\" href=\"https:\/\/ecotop.org\/es\/nuestro-equipo\/\" \/>\n<meta property=\"og:locale\" content=\"es_MX\" \/>\n<meta property=\"og:type\" content=\"article\" \/>\n<meta property=\"og:title\" content=\"Our Team - ECOTOP\" \/>\n<meta property=\"og:description\" content=\"Agronomists, field technicians, coordinators and consultants. Meet the people behind ECOTOP\u2019s work, organised across ECOTOP Suisse and the ECOTOP Foundation. ECOTOP SuisseECOTOP Foundation ECOTOP Suisse The consulting and implementation arm [&hellip;]\" \/>\n<meta property=\"og:url\" content=\"https:\/\/ecotop.org\/es\/nuestro-equipo\/\" \/>\n<meta property=\"og:site_name\" content=\"ECOTOP\" \/>\n<meta property=\"article:publisher\" content=\"https:\/\/www.facebook.com\/ecotopbolivia\" \/>\n<meta property=\"article:modified_time\" content=\"2026-08-27T07:19:26+00:00\" \/>\n<meta property=\"og:image\" content=\"https:\/\/ecotop.org\/wp-content\/uploads\/2016\/05\/joachim.jpg\" \/>\n<meta name=\"twitter:card\" content=\"summary_large_image\" \/>\n<meta name=\"twitter:label1\" content=\"Tiempo de lectura\" \/>\n\t<meta name=\"twitter:data1\" content=\"13 minutos\" \/>\n<script type=\"application\/ld+json\" class=\"yoast-schema-graph\">{\"@context\":\"https:\/\/schema.org\",\"@graph\":[{\"@type\":\"WebPage\",\"@id\":\"https:\/\/ecotop.org\/our-team\/\",\"url\":\"https:\/\/ecotop.org\/our-team\/\",\"name\":\"Our Team - ECOTOP\",\"isPartOf\":{\"@id\":\"https:\/\/ecotop.org\/#website\"},\"primaryImageOfPage\":{\"@id\":\"https:\/\/ecotop.org\/our-team\/#primaryimage\"},\"image\":{\"@id\":\"https:\/\/ecotop.org\/our-team\/#primaryimage\"},\"thumbnailUrl\":\"https:\/\/ecotop.org\/wp-content\/uploads\/2016\/05\/joachim.jpg\",\"datePublished\":\"2026-07-22T10:28:36+00:00\",\"dateModified\":\"2026-08-27T07:19:26+00:00\",\"breadcrumb\":{\"@id\":\"https:\/\/ecotop.org\/our-team\/#breadcrumb\"},\"inLanguage\":\"es\",\"potentialAction\":[{\"@type\":\"ReadAction\",\"target\":[\"https:\/\/ecotop.org\/our-team\/\"]}]},{\"@type\":\"ImageObject\",\"inLanguage\":\"es\",\"@id\":\"https:\/\/ecotop.org\/our-team\/#primaryimage\",\"url\":\"https:\/\/ecotop.org\/wp-content\/uploads\/2016\/05\/joachim.jpg\",\"contentUrl\":\"https:\/\/ecotop.org\/wp-content\/uploads\/2016\/05\/joachim.jpg\"},{\"@type\":\"BreadcrumbList\",\"@id\":\"https:\/\/ecotop.org\/our-team\/#breadcrumb\",\"itemListElement\":[{\"@type\":\"ListItem\",\"position\":1,\"name\":\"Home\",\"item\":\"https:\/\/ecotop.org\/\"},{\"@type\":\"ListItem\",\"position\":2,\"name\":\"Our Team\"}]},{\"@type\":\"WebSite\",\"@id\":\"https:\/\/ecotop.org\/#website\",\"url\":\"https:\/\/ecotop.org\/\",\"name\":\"ECOTOP\",\"description\":\"Pioneering Dynamic Agroforestry Worldwide\",\"publisher\":{\"@id\":\"https:\/\/ecotop.org\/#organization\"},\"potentialAction\":[{\"@type\":\"SearchAction\",\"target\":{\"@type\":\"EntryPoint\",\"urlTemplate\":\"https:\/\/ecotop.org\/?s={search_term_string}\"},\"query-input\":{\"@type\":\"PropertyValueSpecification\",\"valueRequired\":true,\"valueName\":\"search_term_string\"}}],\"inLanguage\":\"es\"},{\"@type\":\"Organization\",\"@id\":\"https:\/\/ecotop.org\/#organization\",\"name\":\"ECOTOP\",\"url\":\"https:\/\/ecotop.org\/\",\"logo\":{\"@type\":\"ImageObject\",\"inLanguage\":\"es\",\"@id\":\"https:\/\/ecotop.org\/#\/schema\/logo\/image\/\",\"url\":\"https:\/\/ecotop.org\/wp-content\/uploads\/2023\/04\/logo_ecotop.png\",\"contentUrl\":\"https:\/\/ecotop.org\/wp-content\/uploads\/2023\/04\/logo_ecotop.png\",\"width\":454,\"height\":170,\"caption\":\"ECOTOP\"},\"image\":{\"@id\":\"https:\/\/ecotop.org\/#\/schema\/logo\/image\/\"},\"sameAs\":[\"https:\/\/www.facebook.com\/ecotopbolivia\"]}]}<\/script>\n<!-- \/ Yoast SEO plugin. -->","yoast_head_json":{"title":"Nuestro equipo - ECOTOP","robots":{"index":"index","follow":"follow","max-snippet":"max-snippet:-1","max-image-preview":"max-image-preview:large","max-video-preview":"max-video-preview:-1"},"canonical":"https:\/\/ecotop.org\/es\/nuestro-equipo\/","og_locale":"es_MX","og_type":"article","og_title":"Our Team - ECOTOP","og_description":"Agronomists, field technicians, coordinators and consultants. Meet the people behind ECOTOP\u2019s work, organised across ECOTOP Suisse and the ECOTOP Foundation. ECOTOP SuisseECOTOP Foundation ECOTOP Suisse The consulting and implementation arm [&hellip;]","og_url":"https:\/\/ecotop.org\/es\/nuestro-equipo\/","og_site_name":"ECOTOP","article_publisher":"https:\/\/www.facebook.com\/ecotopbolivia","article_modified_time":"2026-08-27T07:19:26+00:00","og_image":[{"url":"https:\/\/ecotop.org\/wp-content\/uploads\/2016\/05\/joachim.jpg","type":"","width":"","height":""}],"twitter_card":"summary_large_image","twitter_misc":{"Tiempo de lectura":"13 minutos"},"schema":{"@context":"https:\/\/schema.org","@graph":[{"@type":"WebPage","@id":"https:\/\/ecotop.org\/our-team\/","url":"https:\/\/ecotop.org\/our-team\/","name":"Nuestro equipo - ECOTOP","isPartOf":{"@id":"https:\/\/ecotop.org\/#website"},"primaryImageOfPage":{"@id":"https:\/\/ecotop.org\/our-team\/#primaryimage"},"image":{"@id":"https:\/\/ecotop.org\/our-team\/#primaryimage"},"thumbnailUrl":"https:\/\/ecotop.org\/wp-content\/uploads\/2016\/05\/joachim.jpg","datePublished":"2026-07-22T10:28:36+00:00","dateModified":"2026-08-27T07:19:26+00:00","breadcrumb":{"@id":"https:\/\/ecotop.org\/our-team\/#breadcrumb"},"inLanguage":"es","potentialAction":[{"@type":"ReadAction","target":["https:\/\/ecotop.org\/our-team\/"]}]},{"@type":"ImageObject","inLanguage":"es","@id":"https:\/\/ecotop.org\/our-team\/#primaryimage","url":"https:\/\/ecotop.org\/wp-content\/uploads\/2016\/05\/joachim.jpg","contentUrl":"https:\/\/ecotop.org\/wp-content\/uploads\/2016\/05\/joachim.jpg"},{"@type":"BreadcrumbList","@id":"https:\/\/ecotop.org\/our-team\/#breadcrumb","itemListElement":[{"@type":"ListItem","position":1,"name":"Home","item":"https:\/\/ecotop.org\/"},{"@type":"ListItem","position":2,"name":"Our Team"}]},{"@type":"WebSite","@id":"https:\/\/ecotop.org\/#website","url":"https:\/\/ecotop.org\/","name":"ECOTOP","description":"Agroforester\u00eda din\u00e1mica pionera en todo el mundo","publisher":{"@id":"https:\/\/ecotop.org\/#organization"},"potentialAction":[{"@type":"SearchAction","target":{"@type":"EntryPoint","urlTemplate":"https:\/\/ecotop.org\/?s={search_term_string}"},"query-input":{"@type":"PropertyValueSpecification","valueRequired":true,"valueName":"search_term_string"}}],"inLanguage":"es"},{"@type":"Organization","@id":"https:\/\/ecotop.org\/#organization","name":"ECOTOP","url":"https:\/\/ecotop.org\/","logo":{"@type":"ImageObject","inLanguage":"es","@id":"https:\/\/ecotop.org\/#\/schema\/logo\/image\/","url":"https:\/\/ecotop.org\/wp-content\/uploads\/2023\/04\/logo_ecotop.png","contentUrl":"https:\/\/ecotop.org\/wp-content\/uploads\/2023\/04\/logo_ecotop.png","width":454,"height":170,"caption":"ECOTOP"},"image":{"@id":"https:\/\/ecotop.org\/#\/schema\/logo\/image\/"},"sameAs":["https:\/\/www.facebook.com\/ecotopbolivia"]}]}},"_links":{"self":[{"href":"https:\/\/ecotop.org\/es\/wp-json\/wp\/v2\/pages\/8302","targetHints":{"allow":["GET"]}}],"collection":[{"href":"https:\/\/ecotop.org\/es\/wp-json\/wp\/v2\/pages"}],"about":[{"href":"https:\/\/ecotop.org\/es\/wp-json\/wp\/v2\/types\/page"}],"author":[{"embeddable":true,"href":"https:\/\/ecotop.org\/es\/wp-json\/wp\/v2\/users\/2"}],"replies":[{"embeddable":true,"href":"https:\/\/ecotop.org\/es\/wp-json\/wp\/v2\/comments?post=8302"}],"version-history":[{"count":5,"href":"https:\/\/ecotop.org\/es\/wp-json\/wp\/v2\/pages\/8302\/revisions"}],"predecessor-version":[{"id":8624,"href":"https:\/\/ecotop.org\/es\/wp-json\/wp\/v2\/pages\/8302\/revisions\/8624"}],"wp:attachment":[{"href":"https:\/\/ecotop.org\/es\/wp-json\/wp\/v2\/media?parent=8302"}],"curies":[{"name":"wp","href":"https:\/\/api.w.org\/{rel}","templated":true}]}}